{"id":730,"date":"2014-12-19T22:42:51","date_gmt":"2014-12-19T21:42:51","guid":{"rendered":"http:\/\/os-dragatus.splet.arnes.si\/?page_id=730"},"modified":"2025-10-09T12:19:35","modified_gmt":"2025-10-09T10:19:35","slug":"svet-starsev","status":"publish","type":"page","link":"https:\/\/os-dragatus.splet.arnes.si\/?page_id=730","title":{"rendered":"Svet star\u0161ev"},"content":{"rendered":"<p><strong>SVET STAR\u0160EV<\/strong> je posvetovalni organ, ki ga sestavljajo po en predstavnik star\u0161ev oddelka. Pristojnosti Sveta star\u0161ev so opredeljene v 66. \u010dlenu <a href=\"http:\/\/www.pisrs.si\/Pis.web\/pregledPredpisa?id=ZAKO445\" target=\"_blank\" rel=\"noopener noreferrer\">ZOFVI<\/a>. Vseh \u010dlanov je 12.<\/p>\n<p><span style=\"color: #800000\"><strong>\u010cLANI SVETA STAR\u0160EV V \u0160OLSKEM LETU 2025\/26<br \/>\n<\/strong><\/span><\/p>\n<p><strong>VRTEC<\/strong><br \/>\nZa predstavnika star\u0161ev (skupine \u010cebelice) v Svet star\u0161ev je bila izvoljena:<br \/>\n&#8211; Marina An\u017ei\u010d,<br \/>\n&#8211; Martina Benc Kova\u010di\u010d, njena namestnica.<br \/>\nZa predstavnico star\u0161ev (skupina Cicibani) je bila v Svet star\u0161ev izvoljena:<br \/>\n&#8211; Petra Flajnik,<br \/>\n&#8211; namestnica \u0160pela Jakob\u010di\u010d.<br \/>\nZa predstavnika star\u0161ev (skupine Mehur\u010dki) v Svet star\u0161ev je bila izvoljena:<br \/>\n&#8211; Tamara Ko\u010devar Cerar,<br \/>\n&#8211; Martina Benc Kova\u010di\u010d namestnica.<\/p>\n<p><strong>\u0160OLA<br \/>\n<\/strong>Svet star\u0161ev sestavlja 12 predstavnikov star\u0161ev.<\/p>\n<table>\n<tbody>\n<tr>\n<td width=\"92\">RAZRED<\/td>\n<td width=\"230\">PREDSTAVNIK STAR\u0160EV<\/td>\n<td width=\"243\">NAMESTNIK<\/td>\n<\/tr>\n<tr>\n<td width=\"92\">1.<\/td>\n<td width=\"230\">Tina Kocjan<\/td>\n<td width=\"243\">Nika Vrlini\u010d<\/td>\n<\/tr>\n<tr>\n<td width=\"92\">2.<\/td>\n<td width=\"230\">Tja\u0161a Mu\u0161i\u010d<\/td>\n<td width=\"243\">Alja\u017e Bahor<\/td>\n<\/tr>\n<tr>\n<td width=\"92\">3.<\/td>\n<td width=\"230\">Maja Miheli\u0107<\/td>\n<td width=\"243\">Nata\u0161a Milkovi\u010d<\/td>\n<\/tr>\n<tr>\n<td width=\"92\">4.<\/td>\n<td width=\"230\">Maja Pucelj<\/td>\n<td width=\"243\">Jernej Panjan<\/td>\n<\/tr>\n<tr>\n<td width=\"92\">5.<\/td>\n<td width=\"230\">Tina Toman Vrtin<\/td>\n<td width=\"243\">Ines Ru\u017ei\u010d Vardjan<\/td>\n<\/tr>\n<tr>\n<td width=\"92\">6.<\/td>\n<td width=\"230\">Sandra Kure<\/td>\n<td width=\"243\">Katja Stuhne<\/td>\n<\/tr>\n<tr>\n<td width=\"92\">7.<\/td>\n<td width=\"230\">Ilija Vuk<\/td>\n<td width=\"243\">Matev\u017e Koce<\/td>\n<\/tr>\n<tr>\n<td width=\"92\">8.<\/td>\n<td width=\"230\">Matej Sim\u010di\u010d<\/td>\n<td width=\"243\">Mateja \u0160pehar Radovi\u010d<\/td>\n<\/tr>\n<tr>\n<td width=\"92\">9.<\/td>\n<td width=\"230\">Gorazd \u0160pehar<\/td>\n<td width=\"243\">Mojca Matkovi\u010d<\/td>\n<\/tr>\n<\/tbody>\n<\/table>\n<p><strong><span style=\"color: #800000\">PRISTOJNOSTI SVETA STAR\u0160EV<\/span><\/strong><\/p>\n<p>\u2013 predlaga nadstandardne programe,<br \/>\n\u2013 daje soglasje k predlogu ravnatelja o nadstandardnih storitvah,<br \/>\n\u2013 daje mnenje o predlogu programa razvoja \u0161ole in o Letnem delovnem na\u010drtu,<br \/>\n\u2013 razpravlja o poro\u010dilih ravnatelja o vzgojno-izobra\u017eevalni problematiki,<br \/>\n\u2013 obravnava prito\u017ebe star\u0161ev v zvezi z vzgojno-izobra\u017eevalnim delom,<br \/>\n\u2013 voli predstavnike v Svet \u0161ole,<br \/>\n\u2013 opravlja druge naloge v skladu z zakonom in drugimi predpisi.<\/p>\n","protected":false},"excerpt":{"rendered":"<p>SVET STAR\u0160EV je posvetovalni organ, ki ga sestavljajo po en predstavnik star\u0161ev oddelka. Pristojnosti Sveta star\u0161ev so opredeljene v 66. \u010dlenu ZOFVI. Vseh \u010dlanov je 12. \u010cLANI SVETA STAR\u0160EV V \u0160OLSKEM LETU 2025\/26 VRTEC Za predstavnika star\u0161ev (skupine \u010cebelice) v Svet star\u0161ev je bila izvoljena: &#8211; Marina An\u017ei\u010d, &#8211; Martina Benc Kova\u010di\u010d, njena namestnica. Za [&hellip;]<\/p>\n","protected":false},"author":1706,"featured_media":0,"parent":0,"menu_order":47,"comment_status":"closed","ping_status":"closed","template":"","meta":{"_et_pb_use_builder":"","_et_pb_old_content":"","_et_gb_content_width":"","ngg_post_thumbnail":0,"footnotes":"","_expiration-date-status":"","_expiration-date":0,"_expiration-date-type":"","_expiration-date-categories":[],"_expiration-date-options":[]},"class_list":["post-730","page","type-page","status-publish","hentry"],"_links":{"self":[{"href":"https:\/\/os-dragatus.splet.arnes.si\/index.php?rest_route=\/wp\/v2\/pages\/730","targetHints":{"allow":["GET"]}}],"collection":[{"href":"https:\/\/os-dragatus.splet.arnes.si\/index.php?rest_route=\/wp\/v2\/pages"}],"about":[{"href":"https:\/\/os-dragatus.splet.arnes.si\/index.php?rest_route=\/wp\/v2\/types\/page"}],"author":[{"embeddable":true,"href":"https:\/\/os-dragatus.splet.arnes.si\/index.php?rest_route=\/wp\/v2\/users\/1706"}],"replies":[{"embeddable":true,"href":"https:\/\/os-dragatus.splet.arnes.si\/index.php?rest_route=%2Fwp%2Fv2%2Fcomments&post=730"}],"version-history":[{"count":15,"href":"https:\/\/os-dragatus.splet.arnes.si\/index.php?rest_route=\/wp\/v2\/pages\/730\/revisions"}],"predecessor-version":[{"id":39610,"href":"https:\/\/os-dragatus.splet.arnes.si\/index.php?rest_route=\/wp\/v2\/pages\/730\/revisions\/39610"}],"wp:attachment":[{"href":"https:\/\/os-dragatus.splet.arnes.si\/index.php?rest_route=%2Fwp%2Fv2%2Fmedia&parent=730"}],"curies":[{"name":"wp","href":"https:\/\/api.w.org\/{rel}","templated":true}]}}