{"id":728,"date":"2014-12-19T22:39:23","date_gmt":"2014-12-19T21:39:23","guid":{"rendered":"http:\/\/os-dragatus.splet.arnes.si\/?page_id=728"},"modified":"2025-10-08T08:15:05","modified_gmt":"2025-10-08T06:15:05","slug":"svet-sole","status":"publish","type":"page","link":"https:\/\/os-dragatus.splet.arnes.si\/?page_id=728","title":{"rendered":"Svet zavoda"},"content":{"rendered":"<p>Predsednica sveta zavoda: Maja Jeler\u010di\u010d Jesih<br \/>\nRavnateljica: Sanela Majstorovi\u0107<br \/>\nPomo\u010dnica ravnateljice (za vrtec): Ur\u0161ka Kova\u010di\u010d<\/p>\n<p><strong>I. PREDSTAVNIKI USTANOVITELJA (Ob\u010dina \u010crnomelj)<\/strong><br \/>\n\u2022 Jernej Panjan<br \/>\n\u2022 Ines Ru\u017ei\u0107 Vardjan<br \/>\n\u2022 Marijana Kureti\u010d<\/p>\n<p><strong>II. PREDSTAVNIKI STAR\u0160EV OTROK \u0160OLE IN VRTCA<\/strong><br \/>\n\u2022 Matej Sim\u010di\u010d<br \/>\n\u2022 Ilija Vuk<br \/>\n\u2022 Petra Flajnik<\/p>\n<p><strong>III. PREDSTAVNIKI ZAPOSLENIH<\/strong><br \/>\n\u2022 Maja Jeler\u010di\u010d Jesih (predsednica)<br \/>\n\u2022 Anita Vrtin (namestnica predsednice)<br \/>\n\u2022 Nata\u0161a Podhostnik<br \/>\n\u2022 Martin Mu\u017ear<br \/>\n\u2022 Vesna No\u010d Pavlakovi\u010d<\/p>\n<p><span style=\"color: #800000\"><strong>SESTANKI SVETA \u0160OLE<\/strong><\/span><span class=\"style165\"><span class=\"style163\"><span style=\"color: #800000\"><strong><span class=\"style167\"><br \/>\n<\/span><\/strong><\/span> <span class=\"style166\" style=\"color: #000000\">&#8211; september,<br \/>\n&#8211; januar,<br \/>\n&#8211; maj<\/span><\/span><\/span><\/p>\n<p><span class=\"smltxt\">&nbsp;<\/span><\/p>\n<p><span style=\"color: #800000\"><strong>PROGRAM DELA<\/strong><\/span><span class=\"style163\"><span class=\"style167\" style=\"color: #000000\"><br \/>\n<\/span><span style=\"color: #000000\"><span class=\"style167\">&#8211; <\/span><span class=\"style167\">obravnava<span class=\"style174\">&nbsp; <\/span> poro\u010dila<span class=\"style174\">&nbsp; <\/span> o vzgojno-izobra\u017eevalnem<span class=\"style174\">&nbsp; <\/span> delu za preteklo \u0161olsko leto,<br \/>\n&#8211; obravnava in sprejem<span class=\"style174\">&nbsp; <\/span>letnega<span class=\"style174\">&nbsp; <\/span> delovnega<span class=\"style174\">&nbsp; <\/span>na\u010drta,<br \/>\n&#8211; spremljanje finan\u010dnega<span class=\"style174\">&nbsp; <\/span>poslovanja<span class=\"style174\">&nbsp; <\/span> in seznanitev z zaklju\u010dnim ra\u010dunom,<br \/>\n&#8211; pri\u010detek postopka razpisa za delovno mesto ravnatelja,<br \/>\n&#8211; spremljanje u\u010dne in vzgojne problematike \u0161ole,<br \/>\n&#8211; seznanjanje s teko\u010do problematiko in pomo\u010d pri re\u0161evanju le-te,<br \/>\n&#8211; spremljanje uvajanja novosti.<\/span><\/span><\/span><\/p>\n","protected":false},"excerpt":{"rendered":"<p>Predsednica sveta zavoda: Maja Jeler\u010di\u010d Jesih Ravnateljica: Sanela Majstorovi\u0107 Pomo\u010dnica ravnateljice (za vrtec): Ur\u0161ka Kova\u010di\u010d I. PREDSTAVNIKI USTANOVITELJA (Ob\u010dina \u010crnomelj) \u2022 Jernej Panjan \u2022 Ines Ru\u017ei\u0107 Vardjan \u2022 Marijana Kureti\u010d II. PREDSTAVNIKI STAR\u0160EV OTROK \u0160OLE IN VRTCA \u2022 Matej Sim\u010di\u010d \u2022 Ilija Vuk \u2022 Petra Flajnik III. PREDSTAVNIKI ZAPOSLENIH \u2022 Maja Jeler\u010di\u010d Jesih (predsednica) \u2022 [&hellip;]<\/p>\n","protected":false},"author":1706,"featured_media":0,"parent":0,"menu_order":46,"comment_status":"closed","ping_status":"closed","template":"","meta":{"_et_pb_use_builder":"","_et_pb_old_content":"","_et_gb_content_width":"","ngg_post_thumbnail":0,"footnotes":"","_expiration-date-status":"","_expiration-date":0,"_expiration-date-type":"","_expiration-date-categories":[],"_expiration-date-options":[]},"class_list":["post-728","page","type-page","status-publish","hentry"],"_links":{"self":[{"href":"https:\/\/os-dragatus.splet.arnes.si\/index.php?rest_route=\/wp\/v2\/pages\/728","targetHints":{"allow":["GET"]}}],"collection":[{"href":"https:\/\/os-dragatus.splet.arnes.si\/index.php?rest_route=\/wp\/v2\/pages"}],"about":[{"href":"https:\/\/os-dragatus.splet.arnes.si\/index.php?rest_route=\/wp\/v2\/types\/page"}],"author":[{"embeddable":true,"href":"https:\/\/os-dragatus.splet.arnes.si\/index.php?rest_route=\/wp\/v2\/users\/1706"}],"replies":[{"embeddable":true,"href":"https:\/\/os-dragatus.splet.arnes.si\/index.php?rest_route=%2Fwp%2Fv2%2Fcomments&post=728"}],"version-history":[{"count":11,"href":"https:\/\/os-dragatus.splet.arnes.si\/index.php?rest_route=\/wp\/v2\/pages\/728\/revisions"}],"predecessor-version":[{"id":39600,"href":"https:\/\/os-dragatus.splet.arnes.si\/index.php?rest_route=\/wp\/v2\/pages\/728\/revisions\/39600"}],"wp:attachment":[{"href":"https:\/\/os-dragatus.splet.arnes.si\/index.php?rest_route=%2Fwp%2Fv2%2Fmedia&parent=728"}],"curies":[{"name":"wp","href":"https:\/\/api.w.org\/{rel}","templated":true}]}}