{"id":663,"date":"2014-12-19T09:03:30","date_gmt":"2014-12-19T08:03:30","guid":{"rendered":"http:\/\/os-dragatus.splet.arnes.si\/?page_id=663"},"modified":"2025-10-09T13:01:35","modified_gmt":"2025-10-09T11:01:35","slug":"projekti-in-raziskovalno-delo","status":"publish","type":"page","link":"https:\/\/os-dragatus.splet.arnes.si\/?page_id=663","title":{"rendered":"Projekti in raziskovalno delo"},"content":{"rendered":"<p><span style=\"color: #800000\"><strong>PROJEKTI<\/strong><\/span><\/p>\r\n<p><span style=\"color: #008000\"><strong>Zdrava \u0161ola <\/strong><\/span>(koordinatorica Jo\u017eica Medve\u0161ek Grobov\u0161ek) <a href=\"https:\/\/nijz.si\/programi\/slovenska-mreza-zdravih-sol\/\" target=\"_blank\" rel=\"noopener\">POVEZAVA<\/a><br \/><img loading=\"lazy\" decoding=\"async\" class=\"size-full wp-image-32693 alignright\" src=\"https:\/\/os-dragatus.splet.arnes.si\/files\/2023\/11\/logotip-zdrava_sola.jpg\" alt=\"\" width=\"219\" height=\"226\" srcset=\"https:\/\/os-dragatus.splet.arnes.si\/files\/2023\/11\/logotip-zdrava_sola.jpg 219w, https:\/\/os-dragatus.splet.arnes.si\/files\/2023\/11\/logotip-zdrava_sola-53x55.jpg 53w\" sizes=\"(max-width: 219px) 100vw, 219px\" \/><\/p>\r\n<p>Od aprila 2019 smo del Slovenske mre\u017ee zdravih \u0161ol. Potrudili se bomo, da bo \u0161ola ostala prijetno okolje, v katerem bomo vsi radi delali in se sre\u010devali \u0336 u\u010denci, u\u010ditelji in star\u0161i. Rde\u010da nit leto\u0161njega \u0161ol. l. je <strong>\u201cZa varno in vklju\u010dujo\u010de \u0161olsko okolje\u201d.<\/strong>&nbsp;<\/p>\r\n<p>Ob vklju\u010ditvi v program Zdrave \u0161ole smo se zavezali naslednjim 12 ciljem Zdrave \u0161ole:&nbsp;<\/p>\r\n<ol>\r\n<li>Aktivno bomo podpirali pozitivno samopodobo vseh u\u010dencev s tem, da bomo pokazali, da lahko prav vsak prispeva k \u017eivljenju v \u0161oli.&nbsp;<\/li>\r\n<li>Poskrbeli bomo za vsestranski razvoj dobrih medsebojnih odnosov med u\u010ditelji in u\u010denci, u\u010ditelji med seboj ter med u\u010denci.&nbsp;<\/li>\r\n<li>Potrudili se bomo, da bodo socialni cilji \u0161ole postali jasni u\u010diteljem, u\u010dencem in star\u0161em.&nbsp;<\/li>\r\n<li>Vse u\u010dence bomo spodbujali k razli\u010dnim dejavnostim tako, da bomo oblikovali raznovrstne pobude.&nbsp;<\/li>\r\n<li>Izkoristili bomo vsako mo\u017enost za izbolj\u0161anje \u0161olskega okolja.&nbsp;<\/li>\r\n<li>Poskrbeli bomo za razvoj dobrih povezav med \u0161olo, domom in skupnostjo.&nbsp;<\/li>\r\n<li>Poskrbeli bomo za razvoj povezav med osnovno in srednjo \u0161olo zaradi priprave skladnega u\u010dnega na\u010drta vzgoje za zdravje.&nbsp;<\/li>\r\n<li>Aktivno bomo podprli zdravje in blaginjo svojih u\u010diteljev in u\u010dencev.&nbsp;<\/li>\r\n<li>Upo\u0161tevali bomo dejstvo, da so u\u010ditelji in \u0161olsko osebje zgled za zdravo vedenje.&nbsp;<\/li>\r\n<li>Upo\u0161tevali bomo komplementarno vlogo, ki jo ima \u0161olska prehrana pri u\u010dnem na\u010drtu vzgoje za zdravje.&nbsp;<\/li>\r\n<li>Sodelovali bomo s specializiranimi slu\u017ebami v skupnosti, ki nam lahko svetujejo in pomagajo pri vzgoji za zdravje in promociji zdravja.&nbsp;<\/li>\r\n<li>Vzpostavili bomo poglobljen odnos s \u0161olsko zdravstveno in zobozdravstveno slu\u017ebo, da nas bo dejavno podprla pri u\u010dnem na\u010drtu vzgoje za zdravje.&nbsp;<\/li>\r\n<\/ol>\r\n<p>V \u0161olskem letu 2025\/2026 bomo:&nbsp;<\/p>\r\n<ul>\r\n<li>\u0161e naprej sodelovali s \u0160olo zdravja,&nbsp;<\/li>\r\n<li>skrbeli za zdravje u\u010dencev&nbsp; s pestro ponudbo \u0161portnih interesnih dejavnosti,&nbsp;<\/li>\r\n<li>izvajali&nbsp; dnevne gibalne aktivnosti,&nbsp;<\/li>\r\n<li>izvajali&nbsp; aktivne odmore,&nbsp;<\/li>\r\n<li>se trudili&nbsp;za zmanj\u0161anje te\u017ee \u0161olskih torb,&nbsp;<\/li>\r\n<li>sledili&nbsp; na\u010delom zdrave prehrane,&nbsp;<\/li>\r\n<li>izvajali delavnice \u201cTo sem jaz\u201d in Varno na spletu, TOM&nbsp;<\/li>\r\n<li>medgeneracijsko povezovali razrede.&nbsp;<\/li>\r\n<\/ul>\r\n<p><strong><span style=\"color: #008000\">Shema \u0161olskega sadja, zelenjave in mleka<\/span><\/strong> (koordinatorica Jo\u017eica Medve\u0161ek Grobov\u0161ek) <a href=\"https:\/\/www.gov.si\/teme\/solska-shema-sadja-zelenjave-in-mleka\/\" target=\"_blank\" rel=\"noopener\">POVEZAVA<\/a><\/p>\r\n<p><img loading=\"lazy\" decoding=\"async\" class=\"size-full wp-image-32698 alignright\" src=\"https:\/\/os-dragatus.splet.arnes.si\/files\/2023\/11\/logotip-shema-sadja-zelenjave-mleka.jpg\" alt=\"\" width=\"370\" height=\"262\" srcset=\"https:\/\/os-dragatus.splet.arnes.si\/files\/2023\/11\/logotip-shema-sadja-zelenjave-mleka.jpg 370w, https:\/\/os-dragatus.splet.arnes.si\/files\/2023\/11\/logotip-shema-sadja-zelenjave-mleka-78x55.jpg 78w\" sizes=\"(max-width: 370px) 100vw, 370px\" \/><\/p>\r\n<p>Ker se zavedamo pomembnosti u\u017eivanja sadja in zelenjave pri otrocih, smo se odlo\u010dili sodelovati v evropskem projektu \u00bbSHEMA \u0160OLSKEGA SADJA, ZELENJAVE IN MLEKA\u00ab. Projekt poteka s finan\u010dno podporo Evropske unije.&nbsp;<\/p>\r\n<p>Namen projekta je ustaviti trend zmanj\u0161evanja porabe sadja in zelenjave in hkrati omejiti nara\u0161\u010danje pojava prekomerne telesne te\u017ee pri otrocih, ki pove\u010duje tveganje za bolezni sodobnega \u010dasa.&nbsp;<\/p>\r\n<p>Projekt bomo na \u0161oli izvajali celo \u0161olsko leto. Tedensko bomo u\u010dencem poleg redne \u0161olske prehrane ponudili lokalno pridelano sadje, zelenjavo pa tudi mleko oziroma mle\u010dne izdelke.&nbsp;<\/p>\r\n<p>Spremljevalne izobra\u017eevalne in promocijske dejavnosti:&nbsp;<\/p>\r\n<ul>\r\n<li>seznanitev u\u010diteljev, u\u010dencev in star\u0161ev o vklju\u010denosti \u0161ole v Shemo \u0161olskega sadja in zelenjave,&nbsp;<\/li>\r\n<li>anketiranje u\u010dencev 4., 6. in 8. razreda ob za\u010detku in ob koncu \u0161olskega leta (spletni vpra\u0161alnik \u2013 In\u0161titut za varovanje zdravja RS),&nbsp;<\/li>\r\n<li>informiranje na oglasnih panojih in na \u0161olski spletni strani,&nbsp;<\/li>\r\n<li>poudarek pomena u\u017eivanja sadja in zelenjave pri rednem pouku, razrednih urah, podalj\u0161anem bivanju, ND, TD,&nbsp;<\/li>\r\n<li>izdelava plakatov in drugih izdelkov na temo sadja in zelenjave,&nbsp;<\/li>\r\n<li>Tradicionalni slovenski zajtrk,&nbsp;<\/li>\r\n<li>minuta za zdravje in aktivni odmor,&nbsp;&nbsp;<\/li>\r\n<li>meditacija med poukom,&nbsp;&nbsp;<\/li>\r\n<li>obisk lokalnega pridelovalca mleka (kmetija \u0160trucelj).<\/li>\r\n<\/ul>\r\n<p>&nbsp;<\/p>\r\n<p><span style=\"color: #008000\"><strong><b>No\u010d knjige in Amnesty international <\/b><\/strong><\/span>(koordinatorica Maja Jeler\u010di\u010d Jesih) <a href=\"https:\/\/sola.amnesty.si\/noc-knjige\" target=\"_blank\" rel=\"noopener\">POVEZAVA<\/a><\/p>\r\n<p>Ob svetovnem dnevu knjige, ki ga obele\u017eujemo 23. aprila, po vsem svetu potekajo aktivnosti, posve\u010dene promociji branja. Ena med njimi je tudi NO\u010c KNJIGE, ki jo slovenska sekcija Amnesty International pove\u017ee z u\u010denjem o \u010dlovekovih pravicah. Glede na objavljeni knjigi, ki jo bo Amnesty International razpisal, bo izbrana (predvidoma) ena, na temo katere bodo u\u010denci na\u0161e \u0161ole ustvarjali in poustvarjali v skladu s predlaganimi dejavnostmi oz. v obliki kami\u0161ibaj gledali\u0161\u010da. <br \/>No\u010d knjige pa bomo obele\u017eili tudi v povezavi z Dru\u0161tvom Festival Sanje, in sicer bodo angle\u0161ki bralci imeli zaklju\u010dek angle\u0161ke bralne zna\u010dke v popoldanskem \u010dasu v obliki gibalno-angle\u0161ke, kuharske ali filmsko-literarne delavnice.<\/p>\r\n<p>&nbsp;<\/p>\r\n<p><span style=\"color: #008000\"><strong>Policist Leon svetuje <\/strong><\/span>(koordinatorica Maja Lamut) <a href=\"https:\/\/www.policija.si\/svetujemo-ozavescamo\/policija-za-otroke-najstnike\/policist-leon-svetuje\" target=\"_blank\" rel=\"noopener\">POVEZAVA<\/a><\/p>\r\n<p><img loading=\"lazy\" decoding=\"async\" class=\"size-full wp-image-32702 alignright\" src=\"https:\/\/os-dragatus.splet.arnes.si\/files\/2023\/11\/logotip-policistLeon.jpg\" alt=\"\" width=\"300\" height=\"390\" srcset=\"https:\/\/os-dragatus.splet.arnes.si\/files\/2023\/11\/logotip-policistLeon.jpg 300w, https:\/\/os-dragatus.splet.arnes.si\/files\/2023\/11\/logotip-policistLeon-231x300.jpg 231w, https:\/\/os-dragatus.splet.arnes.si\/files\/2023\/11\/logotip-policistLeon-42x55.jpg 42w\" sizes=\"(max-width: 300px) 100vw, 300px\" \/><\/p>\r\n<p>Je projekt, namenjen u\u010dencem in u\u010denkam 5. razredov. Pri vsebinski pripravi in oceni projekta sodeluje tudi Ministrstvo za \u0161olstvo in \u0161port. Nosilca projekta sta Uprava uniformirane policije in Slu\u017eba generalnega direktorja policije, izvajalci pa so policijske uprave oziroma policijske postaje v sodelovanju z osnovnimi \u0161olami. Namen projekta je otroke seznaniti z nevarnostmi, s katerimi se lahko sre\u010dajo v vsakdanjem \u017eivljenju, in jih pou\u010diti o primernem samoza\u0161\u010ditnem oziroma preventivnem ravnanju ter spo\u0161tovanju pravil na razli\u010dnih podro\u010djih. Poleg tega je namen tudi pove\u010dati prepoznavnost vodij policijskih okoli\u0161ev in okrepiti partnersko sodelovanje med otroki, u\u010ditelji in star\u0161i ter policijo.&nbsp;<\/p>\r\n<p>Projekt bomo na \u0161oli izvajali med razli\u010dnimi urami pouka.&nbsp;<\/p>\r\n<p><a href=\"https:\/\/www.policija.si\/images\/stories\/Publikacije\/PDF\/PolicistLeonSvetuje_julij2013.pdf\" target=\"_blank\" rel=\"noopener noreferrer\">Ve\u010d informacij&#8230;<\/a><\/p>\r\n<p>&nbsp;<\/p>\r\n<p>&nbsp;<\/p>\r\n<p><span style=\"color: #008000\"><strong>Rastem s knjigo <\/strong><\/span>(koordinatorica Nata\u0161a Podhostnik) <a href=\"https:\/\/www.jakrs.si\/bralna-kultura\/rastem-s-knjigo\/\" target=\"_blank\" rel=\"noopener\">POVEZAVA<\/a><\/p>\r\n<p><img loading=\"lazy\" decoding=\"async\" class=\"wp-image-32704 alignright\" src=\"https:\/\/os-dragatus.splet.arnes.si\/files\/2023\/11\/logotip-rastem-s-knjigo.jpg\" alt=\"\" width=\"305\" height=\"109\" srcset=\"https:\/\/os-dragatus.splet.arnes.si\/files\/2023\/11\/logotip-rastem-s-knjigo.jpg 350w, https:\/\/os-dragatus.splet.arnes.si\/files\/2023\/11\/logotip-rastem-s-knjigo-154x55.jpg 154w\" sizes=\"(max-width: 305px) 100vw, 305px\" \/><\/p>\r\n<p>V \u0161olskem letu 2025\/2026 bo potekal projekt \u00bb<a href=\"http:\/\/www.jakrs.si\/bralna-kultura\/rastem-s-knjigo\/\">Rastem s knjigo<\/a> v O\u0160 \u2013 izvirno slovensko mladinsko leposlovno delo vsakemu sedmo\u0161olcu\u00ab. Udele\u017eilo se ga bo 11 u\u010dencev 7. razreda. Obiskali bodo Knji\u017enico \u010crnomelj in prejeli knjigo, ki jo bomo vklju\u010dili v doma\u010de branje. Izvedli bomo \u0161tevilne dejavnosti, ki bodo osnovane na osnovi tematike knjige. U\u010denci bodo izpolnili anketni vpra\u0161alnik.<br \/><a href=\"http:\/\/www.jakrs.si\/bralna-kultura\/rastem-s-knjigo\/\" target=\"_blank\" rel=\"noopener noreferrer\">Ve\u010d informacij &#8230;<\/a><\/p>\r\n<p>&nbsp;<\/p>\r\n<p><span style=\"color: #008000\"><strong>Bralna zna\u010dka <\/strong><\/span>(koordinatorica Nata\u0161a Podhostnik) <a href=\"https:\/\/www.bralnaznacka.si\/sl\/\" target=\"_blank\" rel=\"noopener\">POVEZAVA<\/a><\/p>\r\n<p><img loading=\"lazy\" decoding=\"async\" class=\"size-full wp-image-32707 alignright\" src=\"https:\/\/os-dragatus.splet.arnes.si\/files\/2023\/11\/logotip-bralna-znacka.jpg\" alt=\"\" width=\"242\" height=\"166\" srcset=\"https:\/\/os-dragatus.splet.arnes.si\/files\/2023\/11\/logotip-bralna-znacka.jpg 242w, https:\/\/os-dragatus.splet.arnes.si\/files\/2023\/11\/logotip-bralna-znacka-80x55.jpg 80w\" sizes=\"(max-width: 242px) 100vw, 242px\" \/><\/p>\r\n<p>Sodelovali bomo v projektu Bralna zna\u010dka v O\u0160. U\u010denci 1. triade bodo prebrali najmanj 4 knjige (od tega eno pesni\u0161ko zbirko), u\u010denci 2. in 3. triade pa najmanj 5 knjig (od tega eno pesni\u0161ko zbirko). V dolo\u010deni kvoti knjig si lahko u\u010denec izbere tudi knjigo po lastnem izboru (literarno ali strokovno). V aprilu 2026 bodo u\u010denci, ki bodo uspe\u0161no kon\u010dali BZ, prejeli priznanja na prireditvi.&nbsp;<\/p>\r\n<p>&nbsp;<\/p>\r\n<p>&nbsp;<\/p>\r\n<p>&nbsp;<\/p>\r\n<p><strong><span style=\"color: #008000\">Angle\u0161ka bralna zna\u010dka<\/span> <\/strong>(koordinatorica Maja Jeler\u010di\u010d Jesih)<\/p>\r\n<p>U\u010denci od 6. do 9. razreda preberejo dolo\u010deno \u0161tevilo knjig in se o njih pogovorijo z mentorico. S projektom \u017eelimo spodbuditi branje angle\u0161kih knjig, uriti ve\u0161\u010dino bralnega razumevanja in govornega sporo\u010danja v angle\u0161\u010dini ter obogatiti besedni zaklad. Pri u\u010dencih \u017eelimo vzbuditi zanimanje za angle\u0161ko literaturo.<\/p>\r\n<p>&nbsp;<\/p>\r\n<p><strong><span style=\"color: #008000\">Projekt Na\u0161a mala knji\u017enica <\/span><\/strong>(koordinatorica Maja Lamut) <a href=\"https:\/\/www.nasamalaknjiznica.si\/\" target=\"_blank\" rel=\"noopener\">POVEZAVA<\/a><\/p>\r\n<p><img loading=\"lazy\" decoding=\"async\" class=\"size-full wp-image-32719 alignright\" src=\"https:\/\/os-dragatus.splet.arnes.si\/files\/2023\/11\/logotip-nmk.jpg\" alt=\"\" width=\"250\" height=\"240\" srcset=\"https:\/\/os-dragatus.splet.arnes.si\/files\/2023\/11\/logotip-nmk.jpg 250w, https:\/\/os-dragatus.splet.arnes.si\/files\/2023\/11\/logotip-nmk-57x55.jpg 57w\" sizes=\"(max-width: 250px) 100vw, 250px\" \/><br \/>V \u0161olskem letu 2025\/2026 bomo izvajali mednarodni projekt Na\u0161a mala knji\u017enica (NMK), ki je namenjen branju in dvigovanju pismenosti ter spoznavanju drugih kultur. <br \/>Na za\u010detku projekta bomo otrokom razdelili Ustvarjalnike z izvirnimi nalogami na temo predstavljenih knjig. Skozi vse \u0161olsko leto bodo branje in ustvarjalnost otrok dodatno spodbujale zanimive aktivnosti ter \u0161tevilne nagradne naloge. V projekt bodo vklju\u010deni u\u010denci 1. in 2. razreda. <br \/><br \/><\/p>\r\n<p>&nbsp;<\/p>\r\n<p>&nbsp;<\/p>\r\n<p>&nbsp;<\/p>\r\n<p><strong><span style=\"color: #008000\">No\u010d knjige 2026 <\/span><\/strong>(koordinatorica Nata\u0161a Podhostnik) <a href=\"https:\/\/nocknjige.si\/noc-knjige\/\" target=\"_blank\" rel=\"noopener\">POVEZAVA<\/a><\/p>\r\n<p><span style=\"font-weight: 400\">Tudi v leto\u0161njem \u0161olskem letu bomo za vse u\u010dence od 7. do 9. razreda, ki bodo uspe\u0161no opravili bralno zna\u010dko, organizirali posebno nagrado z naslovom No\u010d knjige. Omenjeni u\u010denci bodo prespali v \u0161oli.<\/span><\/p>\r\n<p>&nbsp;<\/p>\r\n<p><strong><span style=\"color: #008000\">Tradicionalni slovenski zajtrk<\/span><\/strong> (koordinatorica Jo\u017eica Medve\u0161ek Grobov\u0161ek) <a href=\"https:\/\/www.nasasuperhrana.si\/tradicionalni-slovenski-zajtrk\/\" target=\"_blank\" rel=\"noopener\">POVEZAVA<\/a><\/p>\r\n<p><img loading=\"lazy\" decoding=\"async\" class=\"wp-image-10228 alignright\" src=\"https:\/\/os-dragatus.splet.arnes.si\/files\/2015\/11\/tradicionalni-slovenski-zajtrk.jpg\" alt=\"\" width=\"238\" height=\"190\" srcset=\"https:\/\/os-dragatus.splet.arnes.si\/files\/2015\/11\/tradicionalni-slovenski-zajtrk.jpg 400w, https:\/\/os-dragatus.splet.arnes.si\/files\/2015\/11\/tradicionalni-slovenski-zajtrk-376x300.jpg 376w, https:\/\/os-dragatus.splet.arnes.si\/files\/2015\/11\/tradicionalni-slovenski-zajtrk-69x55.jpg 69w\" sizes=\"(max-width: 238px) 100vw, 238px\" \/><br \/>Tretji petek v mesecu novembru obele\u017eujemo Dan slovenske hrane. Ta dan na \u0161oli \u017ee vrsto let poteka Tradicionalni slovenski zajtrk. Tradicionalni slovenski zajtrk ponazarjajo \u017eivila, kot so mleko, kruh, med, maslo in jabolko. Namen tega dne je predvsem podpora doma\u010dim kmetom in predelovalcem hrane, ozave\u0161\u010danje o pomenu vloge \u010debel, ki jo imajo pri opra\u0161evanju in ohranjanju slovenskega pode\u017eelja, ter spodbujanje k rednemu zajtrkovanju in seznanjanje mladih s postopki pridelave in predelave hrane.<\/p>\r\n<p>&nbsp;<\/p>\r\n<p>&nbsp;<\/p>\r\n<p>&nbsp;<\/p>\r\n<p><span style=\"color: #008000\"><strong>Mednarodni dan strpnosti &#8211; dan za strpnost in prijateljstvo<\/strong> <\/span>(koordinatorica Anita Vrtin) <a href=\"https:\/\/www.eksena.si\/projekti\/mi-smo-za-strpnost\/mednarodni-dan-strpnosti-v-vrtcih-ter-osnovnih-srednjih-solah\/\" target=\"_blank\" rel=\"noopener\">POVEZAVA<\/a><\/p>\r\n<p><img loading=\"lazy\" decoding=\"async\" class=\"size-full wp-image-32736 alignright\" src=\"https:\/\/os-dragatus.splet.arnes.si\/files\/2023\/11\/logotip-danstrpnosti.jpg\" alt=\"\" width=\"254\" height=\"256\" srcset=\"https:\/\/os-dragatus.splet.arnes.si\/files\/2023\/11\/logotip-danstrpnosti.jpg 254w, https:\/\/os-dragatus.splet.arnes.si\/files\/2023\/11\/logotip-danstrpnosti-55x55.jpg 55w, https:\/\/os-dragatus.splet.arnes.si\/files\/2023\/11\/logotip-danstrpnosti-80x80.jpg 80w, https:\/\/os-dragatus.splet.arnes.si\/files\/2023\/11\/logotip-danstrpnosti-100x100.jpg 100w\" sizes=\"(max-width: 254px) 100vw, 254px\" \/><br \/>Tema projekta v \u0161olskem letu 2023\/2024 je stop sovra\u017enem govoru &#8211; spo\u0161tujmo razlike med nami. \u0160ola sodeluje z izvedbo delavnice, v kateri je bistven pogovor z u\u010denci na temo strpnosti in nestrpnosti ter ustvarjanje likovnih in pisnih izdelkov. Na \u0161oli se postavi tudi skupna razstava izdelkov u\u010dencev \u0161ole. \u0160ola sodeluje tudi na nate\u010daju za izbor najbolj ekspresivnih likovnih in pisnih izdelkov. Projekt in delavnico bomo izvedli v tednu od 13. do 17. novembra 2023, saj 16. novembra obele\u017eujemo mednarodni dan strpnosti.<\/p>\r\n<p>&nbsp;<\/p>\r\n<p>&nbsp;<\/p>\r\n<p>&nbsp;<\/p>\r\n<p>&nbsp;<\/p>\r\n<p><strong><span style=\"color: #008000\">Projekt \u0160ola sobivanja<\/span><\/strong> (koordinatorica Ivanka \u0160u\u0161tari\u010d) <a href=\"https:\/\/www.drustvo-sobivanje.si\/sola-sobivanja\/\" target=\"_blank\" rel=\"noopener\">POVEZAVA<\/a><\/p>\r\n<p><img loading=\"lazy\" decoding=\"async\" class=\"size-full wp-image-32728 alignright\" src=\"https:\/\/os-dragatus.splet.arnes.si\/files\/2023\/11\/logotip-sobivanje.jpg\" alt=\"\" width=\"268\" height=\"176\" srcset=\"https:\/\/os-dragatus.splet.arnes.si\/files\/2023\/11\/logotip-sobivanje.jpg 268w, https:\/\/os-dragatus.splet.arnes.si\/files\/2023\/11\/logotip-sobivanje-84x55.jpg 84w\" sizes=\"(max-width: 268px) 100vw, 268px\" \/><br \/>Projekt \u0160ola Sobivanja je sklop projektov, ki \u017eelijo ozave\u0161\u010dati namen trajnostnega razvoja. S projekti u\u010denci razvijajo pozitivno in dolgoro\u010dno vizijo za pravi\u010dnej\u0161o dru\u017ebo, skrb za \u010distej\u0161e, varnej\u0161e in bolj zdravo okolje ter bolj\u0161o kakovost \u017eivljenja na planetu.<\/p>\r\n<p>Na\u0161a \u0161ola bo sodelovala pri razli\u010dnih projektih, in sicer:<\/p>\r\n<ul>\r\n<li>Varno v vrtec in \u0161olo \u2013 ozave\u0161\u010danje o varnih poteh do \u0161ole.<\/li>\r\n<li>Spodbujamo prijateljstvo \u2013 ustvarjanje na temo prijateljstva.<\/li>\r\n<li>Ti meni danes, jaz tebi jutri \u2013 razviti okolje, ki omogo\u010da trajnostno naravne, zdrave dru\u017ebe.<\/li>\r\n<li>\u017divimo zdravo \u2013 \u0161portne aktivnosti, zdrava prehrana, zdrav na\u010din \u017eivljenja.<\/li>\r\n<\/ul>\r\n<p><strong><span style=\"color: #008000\">Podjetni\u0161tvo<\/span><\/strong> (koordinator Rok Mik\u0161i\u010d)<\/p>\r\n<p>V okviru razvijanja podjetni\u0161tva v O\u0160 se bomo vklju\u010dili v projekt \u00bbZ ustvarjalnostjo in inovativnostjo do podjetnosti\u00ab, ki razvija kompetence samoiniciativnosti in podjetnosti ter u\u010dence usposablja za ustvarjalno in inovativno re\u0161evanje problemov. Program poteka pod okriljem Ministrstva za gospodarski razvoj in tehnologijo, ki ga zastopa SPIRIT Slovenija ter PoMP-a (Podpora mladim v podjetni\u0161tvu), ki ga izvaja pet slovenskih partnerjev (ZRS Bistra Ptuj, Primorski tehnolo\u0161ki park, RC Novo mesto, Tehnolo\u0161ki park Ljubljana in Sa\u0161a inkubator) in norve\u0161ki partner NTNU v okviru Norve\u0161kega finan\u010dnega mehanizma z namenom vzpostaviti celovito in trajno podporno okolje, ki spodbuja slovenske osnovno\u0161olce in dijake k iskanju podjetni\u0161kih idej, oblikovanju modelov podjetij in jim nudi potrebna podjetni\u0161tva znanja ter razvoj kompetenc podjetnosti.&nbsp;<\/p>\r\n<p><strong><span style=\"color: #008000\">ZUIP<\/span><\/strong> (koordinatorica Maja Jeler\u010di\u010d Jesih)<\/p>\r\n<p>U\u010denci 8. in 9. razreda bodo v okviru izvajanja aktivnosti po metodologiji \u201cZ ustvarjalnostjo in inovativnostjo do podjetnosti\u201d (ki jo financira SPIRIT Slovenija, javna agencija RS ob finan\u010dni podpori Ministrstva za gospodarstvo, turizem in \u0161port) razvijali ustvarjalen na\u010din poslovnega razmi\u0161ljanja (Design thinking).&nbsp;<\/p>\r\n<p>V okviru pripravljalnih ur in dveh dnevov dejavnosti (9. 10., 21. 10.) se bodo najprej spoznali z nekaj primeri enostavnih problemov, katere bodo poskusili re\u0161iti na ustvarjalen na\u010din. Nato bodo iskali re\u0161itve problema, ki se jih zelo dotika &#8211; zbiranje sredstev za dejavnosti, povezane z zaklju\u010dkom \u0161olanja (valeta, zaklju\u010dni izlet, itd.). Spoznali se bodo z osnovami finan\u010dne pismenosti, v obliki timskega dela raziskovali na\u010dine zbiranja denarja, kot obstajajo po drugih \u0161olah, izvedli ankete in individualne pogovore ter razvijali razli\u010dne ideje za pridobivanje sredstev. U\u010denci se bodo ra\u010dunalni\u0161ko opismenjevali (program Canva, ustvarjanje spletne ankete, po potrebi Word, Excel, iskanje podatkov na spletu, itd.) ter spoznali zna\u010dilnosti dobrega pitcha. Vsaka skupina bo pripravila predstavitev v programu Canva, ter ustvarila t. i. pitch svoje ideje in tako predstavila svojo re\u0161itev problema ostalim udele\u017eencem ter komisiji na Podjetni\u0161kem inkubatorju Bela krajina.<\/p>\r\n<p><strong><span style=\"color: #008000\">Krokus<\/span><\/strong> (koordinatorica Anita Vrtin)<\/p>\r\n<p>V \u0161olskem letu 2025\/26 se bo na\u0161a \u0161ola ponovno pridru\u017eila mednarodnemu projektu Krokus, ki je nastal na Irskem na pobudo zdru\u017eenja HETI (Holocaust Education Trust Ireland). Projekt, ki je namenjen \u0161olarjem in mladostnikom, starim nad 10 let, jim podarja \u010debulice rumenih \u017eafranov (krokusov), da jih posadijo v spomin na 1, 5 milijona judovskih otrok, ki so umrli v holokavstu, in v spomin na tiso\u010de drugih otrok, ki so bile \u017ertve nacisti\u010dnih grozot. V projekt bomo vklju\u010dili u\u010denci 9. razreda. S sodelovanjem v projektu Krokus se u\u010denci na oprijemljiv na\u010din seznanijo s tematiko holokavsta, prav tako pa se dvigne njihova raven ozave\u0161\u010denosti o nevarnosti rasizma ter vseh oblik predsodkov in diskriminacije.<\/p>\r\n<p><span style=\"color: #800000\"><strong><br \/>RAZISKOVALNO DELO<\/strong><\/span><\/p>\r\n<p>Na\u0161i u\u010denci se vklju\u010dujejo v delo mladih raziskovalcev Slovenije, ki jih vodi Zveza za tehni\u010dno kulturo Slovenije.<br \/>Sre\u010danja mladih raziskovalcev in tehnikov ter tekmovanja v znanju&nbsp; na \u0161olski, regionalni in dr\u017eavni ravni so oblike ob \u0161olskih in izven \u0161olskih aktivnosti, v katerih mladi nadgrajujejo in dopolnjujejo v \u0161oli pridobljeno znanje ter se interesno usmerjajo v razli\u010dna podro\u010dja naravoslovja in tehnike. S tem&nbsp; si mladi utrdijo zaupanje vase, v svoje delo in razmi\u0161ljanje, ocenijo svoja predvidevanja in spoznanja, nau\u010dijo se jasno in javno izra\u017eati svoja mnenja. O svojem delu imajo mo\u017enost razpravljati s strokovnjaki in jih javno predstaviti, projekte se nau\u010dijo izvajati v obliki zaokro\u017eenih elaboratov. Tudi na\u0161i u\u010denci so sodelovali na zadnjih dveh sre\u010danjih. (<a href=\"http:\/\/www.zotks.si\" target=\"_blank\" rel=\"noopener noreferrer\">www.zotks.si<\/a>)<\/p>\r\n<p><a href=\"http:\/\/os-dragatus.splet.arnes.si\/files\/2014\/02\/pravila_raziskovalnih_nalog.ppt\" target=\"_blank\" rel=\"noopener noreferrer\">Pravila<\/a> raziskovalnih nalog.<\/p>\r\n<p><span style=\"color: #008000\"><strong>RAZISKOVALNE NALOGE<\/strong><\/span><\/p>\r\n<p>Raziskovalna naloga 2006<br \/>&#8211; <a href=\"http:\/\/os-dragatus.splet.arnes.si\/files\/2014\/02\/raziskovalna_naloga_ 2006.pdf\" target=\"_blank\" rel=\"noopener noreferrer\">Podoba \u017dupan\u010di\u010deve poti od&nbsp;Dragatu\u0161a do Vinice danes in jutri<\/a> &#8211; SREBRNO PRIZNANJE<\/p>\r\n<p>Raziskovalna naloga 2007<br \/>&#8211; <a href=\"http:\/\/os-dragatus.splet.arnes.si\/files\/2014\/02\/raziskovalna_naloga_2007.pdf\" target=\"_blank\" rel=\"noopener noreferrer\"> OD&nbsp; MALE&nbsp; DO&nbsp; VELIKE&nbsp; TRGOVINE Z&nbsp; VIDIKA&nbsp; POTRO\u0160NIKA <\/a> &#8211; SREBRNO PRIZNANJE<\/p>\r\n<p>Raziskovalna naloga 2008<br \/>&#8211; <a href=\"http:\/\/os-dragatus.splet.arnes.si\/files\/2014\/02\/zastave_evrope.pdf\" target=\"_blank\" rel=\"noopener noreferrer\">ZASTAVE V EVROPSKI UNIJI (Acrobat reader)<\/a> &#8211; ZLATO PRIZNANJE (<a href=\"http:\/\/os-dragatus.splet.arnes.si\/files\/2014\/02\/Zastave v EU.ppt\" target=\"_blank\" rel=\"noopener noreferrer\">PowerPoint<\/a>)<\/p>\r\n<p>Raziskovalna naloga 2009<br \/>&#8211; <a href=\"http:\/\/os-dragatus.splet.arnes.si\/files\/2014\/02\/psi_terapevti.pdf\" target=\"_blank\" rel=\"noopener noreferrer\">PSI TERAPEVTI<\/a> &#8211; BRONASTO PRIZNANJE<\/p>\r\n<p>Raziskovalna naloga 2009<br \/>&#8211; <a href=\"http:\/\/os-dragatus.splet.arnes.si\/files\/2014\/02\/neznani_leteci_predmeti.pdf\" target=\"_blank\" rel=\"noopener noreferrer\">NEZNANI LETE\u010cI PREDMETI<\/a> &#8211; BRONASTO PRIZNANJE<\/p>\r\n<p>Raziskovalna naloga 2010<br \/>&#8211; <a href=\"http:\/\/os-dragatus.splet.arnes.si\/files\/2014\/02\/zivljenje_je_ucenje.pdf\" target=\"_blank\" rel=\"noopener noreferrer\">\u017dIVLJENJE = U\u010cENJE<\/a> &#8211; BRONASTO PRIZNANJE<\/p>\r\n<p>Raziskovalna naloga 2010<br \/>&#8211; <a href=\"http:\/\/os-dragatus.splet.arnes.si\/files\/2014\/02\/gup_obrh.pdf\" target=\"_blank\" rel=\"noopener noreferrer\">GRAJSKA &#8211; GOZDNA U\u010cNA POT OBRH DANES IN JUTRI<\/a> &#8211; SREBRNO PRIZNANJE<\/p>\r\n<p>Raziskovalna naloga 2011<br \/>&#8211; <a href=\"http:\/\/os-dragatus.splet.arnes.si\/files\/2014\/02\/rumen_karton_za_biognojevko.pdf\" target=\"_blank\" rel=\"noopener noreferrer\">RUMEN KARTON ZA BIOGNOJEVKO<\/a> &#8211; BRONASTO PRIZNANJE<\/p>\r\n<p>Raziskovalna naloga 2012<br \/>&#8211; <a href=\"http:\/\/os-dragatus.splet.arnes.si\/files\/2021\/04\/Raziskovalna-naloga-Prebivalci-in-Krajinski-park-Lahinja.pdf\" target=\"_blank\" rel=\"noopener noreferrer\">PREBIVALCI IN KRAJINSKI PARK LAHINJA<\/a> &#8211; SREBRNO PRIZNANJE<\/p>\r\n<p>Raziskovalna naloga 2014<br \/>&#8211; <a href=\"http:\/\/os-dragatus.splet.arnes.si\/files\/2014\/02\/ohranjanje_spomina_nasih_50_let_sole.pdf\" target=\"_blank\" rel=\"noopener noreferrer\">OHRANJANJE SPOMINA &#8211; Na\u0161ih 50 let \u0161ole<\/a> &#8211; ZLATO PRIZNANJE (<a href=\"http:\/\/os-dragatus.splet.arnes.si\/files\/2014\/02\/ohranjanje_spomina_priloge.pdf\" target=\"_blank\" rel=\"noopener noreferrer\">Priloge<\/a>)<\/p>\r\n<p>Raziskovalna naloga 2015<br \/>&#8211; <a href=\"http:\/\/os-dragatus.splet.arnes.si\/files\/2015\/06\/od-nekdaj-v-dragatusu-pelo-in-plesalo-se-je.pdf\" target=\"_blank\" rel=\"noopener noreferrer\">OD NEKDAJ V DRAGATU\u0160U PELO IN PLESALO SE JE<\/a> &#8211; SREBRNO PRIZNANJE<\/p>\r\n<p>Raziskovalna naloga 2016<br \/>&#8211; <a href=\"http:\/\/os-dragatus.splet.arnes.si\/files\/2017\/05\/cloveska-ribica.pdf\" target=\"_blank\" rel=\"noopener noreferrer\">BELOKRANJSKA PITNA VODA \u2013 OGRO\u017dENO KRALJESTVO \u010cLOVE\u0160KE RIBICE<\/a> &#8211; BRONASTO PRIZNANJE<\/p>\r\n<p>Raziskovalna naloga 2017<br \/>&#8211; <a href=\"http:\/\/os-dragatus.splet.arnes.si\/files\/2017\/05\/spomini-na-2-svetovno-vojno.pdf\" target=\"_blank\" rel=\"noopener noreferrer\">SPOMINI NA 2. SVETOVNO VOJNO V \u010cRNOMLJU IN OKOLICI<\/a> &#8211; ZLATO PRIZNANJE<\/p>\r\n<p>Raziskovalna naloga 2018<br \/>&#8211; <a href=\"http:\/\/os-dragatus.splet.arnes.si\/files\/2018\/10\/raziskovalna_naloga_2018.pdf\" target=\"_blank\" rel=\"noopener noreferrer\">IZSELJEVANJE IZ BELE KRAJINE <\/a>&#8211; BRONASTO PRIZNANJE<\/p>\r\n<p align=\"left\"><span style=\"color: #008000\"><strong>PROJEKTNE NALOGE &#8220;EVROPA V \u0160OLI&#8221;<\/strong><\/span><\/p>\r\n<p align=\"left\">Projektna naloga 2008<br \/>&#8211;&nbsp;<a href=\"http:\/\/os-dragatus.splet.arnes.si\/files\/2014\/02\/romi_skozi_oci_ medijev.pdf\" target=\"_blank\" rel=\"noopener noreferrer\">ROMI SKOZI O\u010cI MEDIJEV<\/a><\/p>\r\n<p align=\"left\">Projektna naloga 2009<br \/>&#8211; <a href=\"http:\/\/os-dragatus.splet.arnes.si\/files\/2014\/02\/biologicni_ucbenik_8.pdf\" target=\"_blank\" rel=\"noopener noreferrer\"> BIOLOGI\u010cNI U\u010cBENIK<\/a><\/p>\r\n<p align=\"left\">Projektna naloga 2010<br \/>&#8211; <a href=\"http:\/\/os-dragatus.splet.arnes.si\/files\/2014\/02\/poiscimo_nove_priloznosti.pdf\" target=\"_blank\" rel=\"noopener noreferrer\">VZROKI IN RE\u0160ITVE SOCIALNE IZKLJU\u010cENOSTI NA NA\u0160I \u0160OLI<\/a> &#8211; 1. MESTO V SLOVENIJI<\/p>\r\n<p align=\"left\">Projektna naloga 2011<br \/>&#8211; <a href=\"http:\/\/os-dragatus.splet.arnes.si\/files\/2014\/02\/lepo_je_uciti_mlajse.pdf\" target=\"_blank\" rel=\"noopener noreferrer\">PROSTOVOLJSTVO &#8211; VOLJAN POMAGATI &#8211; LEPO JE U\u010cITI MLAJ\u0160E<\/a> &#8211; 1. MESTO V SLOVENIJI<\/p>\r\n<p align=\"left\">Projektna naloga 2012<br \/>&#8211; <a href=\"http:\/\/os-dragatus.splet.arnes.si\/files\/2014\/02\/ni_pomembna_starost_ampak_sodelovanje.pdf\" target=\"_blank\" rel=\"noopener noreferrer\">NI POMEMBNA STAROST, AMPAK SODELOVANJE<\/a> &#8211; 1. MESTO V SLOVENIJI (<a href=\"http:\/\/os-dragatus.splet.arnes.si\/files\/2014\/02\/evropa_v_soli_2012_priloge.pdf\" target=\"_blank\" rel=\"noopener noreferrer\">Priloge<\/a>)<\/p>\r\n<p align=\"left\">Projektna naloga 2013<br \/>&#8211; <a href=\"http:\/\/os-dragatus.splet.arnes.si\/files\/2014\/02\/evropa_v_soli_2013.pdf\" target=\"_blank\" rel=\"noopener noreferrer\">PRVI KORAKI K U\u010cENJU PRAVIC EVROPSKEGA DR\u017dAVLJANA<\/a> &#8211; 1. MESTO V SLOVENIJI<\/p>\r\n","protected":false},"excerpt":{"rendered":"<p>PROJEKTI Zdrava \u0161ola (koordinatorica Jo\u017eica Medve\u0161ek Grobov\u0161ek) POVEZAVA Od aprila 2019 smo del Slovenske mre\u017ee zdravih \u0161ol. Potrudili se bomo, da bo \u0161ola ostala prijetno okolje, v katerem bomo vsi radi delali in se sre\u010devali \u0336 u\u010denci, u\u010ditelji in star\u0161i. Rde\u010da nit leto\u0161njega \u0161ol. l. je \u201cZa varno in vklju\u010dujo\u010de \u0161olsko okolje\u201d.&nbsp; Ob vklju\u010ditvi v [&hellip;]<\/p>\n","protected":false},"author":1706,"featured_media":0,"parent":0,"menu_order":37,"comment_status":"closed","ping_status":"closed","template":"","meta":{"_et_pb_use_builder":"","_et_pb_old_content":"","_et_gb_content_width":"","ngg_post_thumbnail":0,"footnotes":"","_expiration-date-status":"","_expiration-date":0,"_expiration-date-type":"","_expiration-date-categories":[],"_expiration-date-options":[]},"class_list":["post-663","page","type-page","status-publish","hentry"],"_links":{"self":[{"href":"https:\/\/os-dragatus.splet.arnes.si\/index.php?rest_route=\/wp\/v2\/pages\/663","targetHints":{"allow":["GET"]}}],"collection":[{"href":"https:\/\/os-dragatus.splet.arnes.si\/index.php?rest_route=\/wp\/v2\/pages"}],"about":[{"href":"https:\/\/os-dragatus.splet.arnes.si\/index.php?rest_route=\/wp\/v2\/types\/page"}],"author":[{"embeddable":true,"href":"https:\/\/os-dragatus.splet.arnes.si\/index.php?rest_route=\/wp\/v2\/users\/1706"}],"replies":[{"embeddable":true,"href":"https:\/\/os-dragatus.splet.arnes.si\/index.php?rest_route=%2Fwp%2Fv2%2Fcomments&post=663"}],"version-history":[{"count":15,"href":"https:\/\/os-dragatus.splet.arnes.si\/index.php?rest_route=\/wp\/v2\/pages\/663\/revisions"}],"predecessor-version":[{"id":39633,"href":"https:\/\/os-dragatus.splet.arnes.si\/index.php?rest_route=\/wp\/v2\/pages\/663\/revisions\/39633"}],"wp:attachment":[{"href":"https:\/\/os-dragatus.splet.arnes.si\/index.php?rest_route=%2Fwp%2Fv2%2Fmedia&parent=663"}],"curies":[{"name":"wp","href":"https:\/\/api.w.org\/{rel}","templated":true}]}}