{"id":657,"date":"2014-12-18T21:46:51","date_gmt":"2014-12-18T20:46:51","guid":{"rendered":"http:\/\/os-dragatus.splet.arnes.si\/?page_id=657"},"modified":"2025-10-09T12:27:05","modified_gmt":"2025-10-09T10:27:05","slug":"dnevi-dejavnosti","status":"publish","type":"page","link":"https:\/\/os-dragatus.splet.arnes.si\/?page_id=657","title":{"rendered":"Dnevi dejavnosti"},"content":{"rendered":"<h1 data-start=\"139\" data-end=\"190\"><strong data-start=\"141\" data-end=\"190\">VSEBINA DNI DEJAVNOSTI V \u0160OLSKEM LETU 2025\/26<\/strong><\/h1>\n<hr data-start=\"192\" data-end=\"195\"\/>\n<h2 data-start=\"197\" data-end=\"220\"><strong data-start=\"200\" data-end=\"218\">KULTURNI DNEVI<\/strong><\/h2>\n<p data-start=\"221\" data-end=\"285\"><em data-start=\"221\" data-end=\"283\">(Koordinatorica Nata\u0161a Podhostnik in razredni\u010darke 1.\u20135. r.)<\/em><\/p>\n<h3 data-start=\"287\" data-end=\"307\"><strong data-start=\"291\" data-end=\"307\">1.\u20135. razred<\/strong><\/h3>\n<p data-start=\"309\" data-end=\"324\"><strong data-start=\"309\" data-end=\"324\">Celodnevni:<\/strong><\/p>\n<ul data-start=\"325\" data-end=\"813\">\n<li data-start=\"325\" data-end=\"398\">\n<p data-start=\"327\" data-end=\"398\">Predstava \u00bbBi se gnetli na tej metli\u00ab, KC Semi\u010d \u2013 1. in 2. r. (3 ure)<\/p>\n<\/li>\n<li data-start=\"399\" data-end=\"456\">\n<p data-start=\"401\" data-end=\"456\">Predstava \u00bbGozd raja\u00ab, KC Semi\u010d \u2013 1. in 2. r. (2 uri)<\/p>\n<\/li>\n<li data-start=\"457\" data-end=\"533\">\n<p data-start=\"459\" data-end=\"533\">Predstava \u00bb\u017dirafe ne znajo plesati\u00ab, KC Semi\u010d \u2013 1.\u20135. r. (november 2025)<\/p>\n<\/li>\n<li data-start=\"534\" data-end=\"610\">\n<p data-start=\"536\" data-end=\"610\">Predstava \u00bbZa devetimi gorami \u2013 Zgodbe Anje \u0160tefan\u00ab, KC Semi\u010d \u2013 1.\u20133. r.<\/p>\n<\/li>\n<li data-start=\"611\" data-end=\"756\">\n<p data-start=\"613\" data-end=\"756\">Ogled animiranega filma <em data-start=\"637\" data-end=\"663\">Zgodbe iz \u010darobnega vrta<\/em>, pogovor s pedagoginjo in ogled razstave v Slovenski kinoteki, Ljubljana \u2013 3.\u20135. r. (5 ur)<\/p>\n<\/li>\n<li data-start=\"757\" data-end=\"813\">\n<p data-start=\"759\" data-end=\"813\">Ogled filma <em data-start=\"771\" data-end=\"784\">Lars je LOL<\/em>, KC Semi\u010d \u2013 3.\u20135. r. (2 uri)<\/p>\n<\/li>\n<\/ul>\n<p data-start=\"815\" data-end=\"868\"><strong data-start=\"815\" data-end=\"868\">Po urah (10 ur za 1.\u20133. r.; 5 ur za 4. in 5. r.):<\/strong><\/p>\n<ul data-start=\"869\" data-end=\"1290\">\n<li data-start=\"869\" data-end=\"934\">\n<p data-start=\"871\" data-end=\"934\">Predstava Gledali\u0161\u010da iz desnega \u017eepka \u2013 1. \u0161olski dan (1 ura)<\/p>\n<\/li>\n<li data-start=\"935\" data-end=\"1029\">\n<p data-start=\"937\" data-end=\"1029\">Prireditev pred dnevom samostojnosti in enotnosti \/ novoletna prireditev (1 ura, december)<\/p>\n<\/li>\n<li data-start=\"1030\" data-end=\"1099\">\n<p data-start=\"1032\" data-end=\"1099\">Prireditev pred slovenskim kulturnim praznikom (1\u20132 uri, februar)<\/p>\n<\/li>\n<li data-start=\"1100\" data-end=\"1163\">\n<p data-start=\"1102\" data-end=\"1163\">Prireditev \u00bb\u0160ola podobo na ogled postavi\u00ab (2 uri, maj 2026)<\/p>\n<\/li>\n<li data-start=\"1164\" data-end=\"1196\">\n<p data-start=\"1166\" data-end=\"1196\">Mini valeta (1\u20132 uri, junij)<\/p>\n<\/li>\n<li data-start=\"1197\" data-end=\"1290\">\n<p data-start=\"1199\" data-end=\"1290\">Zaklju\u010dna \u0161olska prireditev pred dnevom dr\u017eavnosti in podelitev priznanj (1\u20132 uri, junij)<\/p>\n<\/li>\n<\/ul>\n<hr data-start=\"1292\" data-end=\"1295\"\/>\n<h3 data-start=\"1297\" data-end=\"1317\"><strong data-start=\"1301\" data-end=\"1317\">6.\u20139. razred<\/strong><\/h3>\n<p data-start=\"1319\" data-end=\"1334\"><strong data-start=\"1319\" data-end=\"1334\">Celodnevni:<\/strong><\/p>\n<ul data-start=\"1335\" data-end=\"1407\">\n<li data-start=\"1335\" data-end=\"1407\">\n<p data-start=\"1337\" data-end=\"1407\">Obisk Sti\u010dne in gradu Bogen\u0161perk (C\u0160OD) \u2013 \u010detrtek, 20. november 2025<\/p>\n<\/li>\n<\/ul>\n<p data-start=\"1409\" data-end=\"1421\"><strong data-start=\"1409\" data-end=\"1421\">Po urah:<\/strong><\/p>\n<ul data-start=\"1422\" data-end=\"1841\">\n<li data-start=\"1422\" data-end=\"1506\">\n<p data-start=\"1424\" data-end=\"1506\">Prireditev pred dnevom samostojnosti in enotnosti \u2013 novoletna prireditev (2 uri)<\/p>\n<\/li>\n<li data-start=\"1507\" data-end=\"1565\">\n<p data-start=\"1509\" data-end=\"1565\">Prireditev pred slovenskim kulturnim praznikom (2 uri)<\/p>\n<\/li>\n<li data-start=\"1566\" data-end=\"1635\">\n<p data-start=\"1568\" data-end=\"1635\">\u0160ola podobo na ogled postavi \u2013 javna prireditev (2 uri, maj 2026)<\/p>\n<\/li>\n<li data-start=\"1636\" data-end=\"1721\">\n<p data-start=\"1638\" data-end=\"1721\">Podelitev priznanj deveto\u0161olcem \u2013 mini valeta (2 uri za 9. r.; 2 uri za 6.\u20138. r.)<\/p>\n<\/li>\n<li data-start=\"1722\" data-end=\"1761\">\n<p data-start=\"1724\" data-end=\"1761\">Priprava na valeto (2 uri za 9. r.)<\/p>\n<\/li>\n<li data-start=\"1762\" data-end=\"1841\">\n<p data-start=\"1764\" data-end=\"1841\">Prireditev pred dnevom dr\u017eavnosti in podelitev priznanj (2 uri za 6.\u20138. r.)<\/p>\n<\/li>\n<\/ul>\n<hr data-start=\"1843\" data-end=\"1846\"\/>\n<h2 data-start=\"1848\" data-end=\"1870\"><strong data-start=\"1851\" data-end=\"1868\">\u0160PORTNI DNEVI<\/strong><\/h2>\n<p data-start=\"1871\" data-end=\"1925\"><em data-start=\"1871\" data-end=\"1925\">(Koordinator \u017dan Brozovi\u010d in razredni\u010darke 1.\u20135. r.)<\/em><\/p>\n<h3 data-start=\"1927\" data-end=\"1947\"><strong data-start=\"1931\" data-end=\"1947\">1.\u20135. razred<\/strong><\/h3>\n<ul data-start=\"1949\" data-end=\"2295\">\n<li data-start=\"1949\" data-end=\"2017\">\n<p data-start=\"1951\" data-end=\"2017\">Pohod treh generacij \u2013 Dan \u0161porta, 1.\u20135. r. \u2013 23. september 2025<\/p>\n<\/li>\n<li data-start=\"2018\" data-end=\"2105\">\n<p data-start=\"2020\" data-end=\"2105\">Zimski \u0161portni dan \u2013 sankanje ali pohod (januar 2026) \/ \u0161tafetne igre (1. in 2. r.)<\/p>\n<\/li>\n<li data-start=\"2106\" data-end=\"2148\">\n<p data-start=\"2108\" data-end=\"2148\">C\u0160OD Fara, 1. in 2. r. \u2013 9. april 2026<\/p>\n<\/li>\n<li data-start=\"2149\" data-end=\"2196\">\n<p data-start=\"2151\" data-end=\"2196\">Adrenalinski park Ga\u010de, 1.\u20135. r. \u2013 maj 2026<\/p>\n<\/li>\n<li data-start=\"2197\" data-end=\"2268\">\n<p data-start=\"2199\" data-end=\"2268\">Plavanje v \u010cate\u0161kih toplicah, 1.\u20135. r. \u2013 junij 2026 (odhod ob 7.00)<\/p>\n<\/li>\n<li data-start=\"2269\" data-end=\"2295\">\n<p data-start=\"2271\" data-end=\"2295\">\u0160portne igre, 3.\u20135. r.<\/p>\n<\/li>\n<\/ul>\n<hr data-start=\"2297\" data-end=\"2300\"\/>\n<h3 data-start=\"2302\" data-end=\"2322\"><strong data-start=\"2306\" data-end=\"2322\">6.\u20139. razred<\/strong><\/h3>\n<ol data-start=\"2324\" data-end=\"2719\">\n<li data-start=\"2324\" data-end=\"2375\">\n<p data-start=\"2327\" data-end=\"2375\">Rafting \/ pohod, 6.\u20139. r. \u2013 17. september 2025<\/p>\n<\/li>\n<li data-start=\"2376\" data-end=\"2455\">\n<p data-start=\"2379\" data-end=\"2455\">Atletika in meritve \u0160VK, stadion \u010crnomelj \u2013 6. in 7. r. (marec\u2013april 2026)<\/p>\n<\/li>\n<li data-start=\"2456\" data-end=\"2507\">\n<p data-start=\"2459\" data-end=\"2507\">Plavanje, 6. in 7. r. (november\u2013december 2025)<\/p>\n<\/li>\n<li data-start=\"2508\" data-end=\"2587\">\n<p data-start=\"2511\" data-end=\"2587\">Zimski \u0161portni dan \u2013 smu\u010danje ali pohod, 6. in 7. r. (januar\u2013februar 2026)<\/p>\n<\/li>\n<li data-start=\"2588\" data-end=\"2615\">\n<p data-start=\"2591\" data-end=\"2615\">\u0160portne igre, 6.\u20138. r.<\/p>\n<\/li>\n<li data-start=\"2616\" data-end=\"2719\">\n<p data-start=\"2619\" data-end=\"2719\">Zaklju\u010dni izlet, 9. r. \u2013 junij 2026<br data-start=\"2654\" data-end=\"2657\"\/><em data-start=\"2657\" data-end=\"2717\">\u0160ola v naravi (8. in 9. r.): 13.\u201317. april 2026, C\u0160OD So\u010da<\/em><\/p>\n<\/li>\n<\/ol>\n<hr data-start=\"2721\" data-end=\"2724\"\/>\n<h2 data-start=\"2726\" data-end=\"2753\"><strong data-start=\"2729\" data-end=\"2751\">NARAVOSLOVNI DNEVI<\/strong><\/h2>\n<p data-start=\"2754\" data-end=\"2824\"><em data-start=\"2754\" data-end=\"2824\">(Koordinatorica Jo\u017eica Medve\u0161ek Grobov\u0161ek in razredni\u010darke 1.\u20135. r.)<\/em><\/p>\n<h3 data-start=\"2826\" data-end=\"2843\"><strong data-start=\"2830\" data-end=\"2843\">1. razred<\/strong><\/h3>\n<ul data-start=\"2844\" data-end=\"2990\">\n<li data-start=\"2844\" data-end=\"2922\">\n<p data-start=\"2846\" data-end=\"2922\">Skrb za zdravje \u2013 zdravstvena in zobozdravstvena vzgoja \u2013 15. oktober 2025<\/p>\n<\/li>\n<li data-start=\"2923\" data-end=\"2960\">\n<p data-start=\"2925\" data-end=\"2960\">C\u0160OD Lipa \u010crmo\u0161njice \u2013 april 2026<\/p>\n<\/li>\n<li data-start=\"2961\" data-end=\"2990\">\n<p data-start=\"2963\" data-end=\"2990\">C\u0160OD Fara \u2013 7. april 2026<\/p>\n<\/li>\n<\/ul>\n<h3 data-start=\"2992\" data-end=\"3009\"><strong data-start=\"2996\" data-end=\"3009\">2. razred<\/strong><\/h3>\n<ul data-start=\"3010\" data-end=\"3156\">\n<li data-start=\"3010\" data-end=\"3088\">\n<p data-start=\"3012\" data-end=\"3088\">Skrb za zdravje \u2013 zdravstvena in zobozdravstvena vzgoja \u2013 15. oktober 2025<\/p>\n<\/li>\n<li data-start=\"3089\" data-end=\"3126\">\n<p data-start=\"3091\" data-end=\"3126\">C\u0160OD Lipa \u010crmo\u0161njice \u2013 april 2026<\/p>\n<\/li>\n<li data-start=\"3127\" data-end=\"3156\">\n<p data-start=\"3129\" data-end=\"3156\">C\u0160OD Fara \u2013 7. april 2026<\/p>\n<\/li>\n<\/ul>\n<h3 data-start=\"3158\" data-end=\"3175\"><strong data-start=\"3162\" data-end=\"3175\">3. razred<\/strong><\/h3>\n<ul data-start=\"3176\" data-end=\"3337\">\n<li data-start=\"3176\" data-end=\"3250\">\n<p data-start=\"3178\" data-end=\"3250\">Skrb za zdravje \u2013 zdravstvena in zobozdravstvena vzgoja \u2013 oktober 2025<\/p>\n<\/li>\n<li data-start=\"3251\" data-end=\"3283\">\n<p data-start=\"3253\" data-end=\"3283\">C\u0160OD \u010crmo\u0161njice \u2013 april 2026<\/p>\n<\/li>\n<li data-start=\"3284\" data-end=\"3337\">\n<p data-start=\"3286\" data-end=\"3337\">Zeli\u0161\u010darske delavnice, Stari trg \u2013 10. junij 2026<\/p>\n<\/li>\n<\/ul>\n<h3 data-start=\"3339\" data-end=\"3356\"><strong data-start=\"3343\" data-end=\"3356\">4. razred<\/strong><\/h3>\n<ul data-start=\"3357\" data-end=\"3518\">\n<li data-start=\"3357\" data-end=\"3431\">\n<p data-start=\"3359\" data-end=\"3431\">Skrb za zdravje \u2013 zdravstvena in zobozdravstvena vzgoja \u2013 oktober 2025<\/p>\n<\/li>\n<li data-start=\"3432\" data-end=\"3464\">\n<p data-start=\"3434\" data-end=\"3464\">C\u0160OD \u010crmo\u0161njice \u2013 april 2026<\/p>\n<\/li>\n<li data-start=\"3465\" data-end=\"3518\">\n<p data-start=\"3467\" data-end=\"3518\">Zeli\u0161\u010darske delavnice, Stari trg \u2013 10. junij 2026<\/p>\n<\/li>\n<\/ul>\n<h3 data-start=\"3520\" data-end=\"3537\"><strong data-start=\"3524\" data-end=\"3537\">5. razred<\/strong><\/h3>\n<ul data-start=\"3538\" data-end=\"3703\">\n<li data-start=\"3538\" data-end=\"3616\">\n<p data-start=\"3540\" data-end=\"3616\">Skrb za zdravje \u2013 zdravstvena in zobozdravstvena vzgoja \u2013 14. oktober 2025<\/p>\n<\/li>\n<li data-start=\"3617\" data-end=\"3649\">\n<p data-start=\"3619\" data-end=\"3649\">C\u0160OD \u010crmo\u0161njice \u2013 april 2026<\/p>\n<\/li>\n<li data-start=\"3650\" data-end=\"3703\">\n<p data-start=\"3652\" data-end=\"3703\">Zeli\u0161\u010darske delavnice, Stari trg \u2013 10. junij 2026<\/p>\n<\/li>\n<\/ul>\n<hr data-start=\"3705\" data-end=\"3708\"\/>\n<h3 data-start=\"3710\" data-end=\"3730\"><strong data-start=\"3714\" data-end=\"3730\">6.\u20139. razred<\/strong><\/h3>\n<ol>\n<li data-start=\"3731\" data-end=\"3900\">\n<p data-start=\"3734\" data-end=\"3774\">Zdravstvena in zobozdravstvena vzgoja:<\/p>\n<ul data-start=\"3778\" data-end=\"3900\">\n<li data-start=\"3778\" data-end=\"3813\">\n<p data-start=\"3780\" data-end=\"3813\">7. r. \u2013 torek, 21. oktober 2025<\/p>\n<\/li>\n<li data-start=\"3778\" data-end=\"3813\">\n<p data-start=\"3780\" data-end=\"3813\">9. r. \u2013 petek, 24. oktober 2025<\/p>\n<\/li>\n<\/ul>\n<\/li>\n<\/ol>\n<ol>\n<li style=\"list-style-type: none\">\n<ul data-start=\"3778\" data-end=\"3900\">\n<li data-start=\"3856\" data-end=\"3900\">\n<p data-start=\"3858\" data-end=\"3900\">Sistematika s predavanjem za 6. in 8. r.<\/p>\n<\/li>\n<\/ul>\n<\/li>\n<li data-start=\"3901\" data-end=\"3949\">\n<p data-start=\"3904\" data-end=\"3949\">Kras in Primorje \u2013 C\u0160OD, petek, 8. maj 2026<\/p>\n<\/li>\n<li data-start=\"3950\" data-end=\"4113\">\n<p data-start=\"3953\" data-end=\"4113\">Travni\u0161ke rastline, 6. r. \u2013 maj\/junij 2026<br data-start=\"3995\" data-end=\"3998\"\/>Krajinski park Lahinja, 7. r. \u2013 maj\/junij 2026<br data-start=\"4047\" data-end=\"4050\"\/>\u0160ola v naravi, 8. in 9. r. \u2013 13.\u201317. april 2026, C\u0160OD So\u010da<\/p>\n<\/li>\n<\/ol>\n<hr data-start=\"4115\" data-end=\"4118\"\/>\n<h2 data-start=\"4120\" data-end=\"4143\"><strong data-start=\"4123\" data-end=\"4141\">TEHNI\u0160KI DNEVI<\/strong><\/h2>\n<p data-start=\"4144\" data-end=\"4204\"><em data-start=\"4144\" data-end=\"4204\">(Koordinatorica Jasmina Strugar in razredni\u010darke 1.\u20135. r.)<\/em><\/p>\n<h3 data-start=\"4206\" data-end=\"4223\"><strong data-start=\"4210\" data-end=\"4223\">1. razred<\/strong><\/h3>\n<ul data-start=\"4224\" data-end=\"4306\">\n<li data-start=\"4224\" data-end=\"4260\">\n<p data-start=\"4226\" data-end=\"4260\">ZOO park Ran\u010d Aladin (maj\/junij)<\/p>\n<\/li>\n<li data-start=\"4261\" data-end=\"4285\">\n<p data-start=\"4263\" data-end=\"4285\">C\u0160OD Fara (8. april)<\/p>\n<\/li>\n<li data-start=\"4286\" data-end=\"4306\">\n<p data-start=\"4288\" data-end=\"4306\">Minicity (junij)<\/p>\n<\/li>\n<\/ul>\n<h3 data-start=\"4308\" data-end=\"4325\"><strong data-start=\"4312\" data-end=\"4325\">2. razred<\/strong><\/h3>\n<ul data-start=\"4326\" data-end=\"4411\">\n<li data-start=\"4326\" data-end=\"4362\">\n<p data-start=\"4328\" data-end=\"4362\">ZOO park Ran\u010d Aladin (maj\/junij)<\/p>\n<\/li>\n<li data-start=\"4363\" data-end=\"4390\">\n<p data-start=\"4365\" data-end=\"4390\">C\u0160OD Fara (7.\u20139. april)<\/p>\n<\/li>\n<li data-start=\"4391\" data-end=\"4411\">\n<p data-start=\"4393\" data-end=\"4411\">Minicity (junij)<\/p>\n<\/li>\n<\/ul>\n<h3 data-start=\"4413\" data-end=\"4430\"><strong data-start=\"4417\" data-end=\"4430\">3. razred<\/strong><\/h3>\n<ul data-start=\"4431\" data-end=\"4520\">\n<li data-start=\"4431\" data-end=\"4473\">\n<p data-start=\"4433\" data-end=\"4473\">Izdelek po na\u010drtu \/ predlog po ponudbi<\/p>\n<\/li>\n<li data-start=\"4474\" data-end=\"4499\">\n<p data-start=\"4476\" data-end=\"4499\">KUBO robotika (marec)<\/p>\n<\/li>\n<li data-start=\"4500\" data-end=\"4520\">\n<p data-start=\"4502\" data-end=\"4520\">Minicity (junij)<\/p>\n<\/li>\n<\/ul>\n<h3 data-start=\"4522\" data-end=\"4539\"><strong data-start=\"4526\" data-end=\"4539\">4. razred<\/strong><\/h3>\n<ul data-start=\"4540\" data-end=\"4657\">\n<li data-start=\"4540\" data-end=\"4571\">\n<p data-start=\"4542\" data-end=\"4571\">Poskusi z elektriko (april)<\/p>\n<\/li>\n<li data-start=\"4572\" data-end=\"4610\">\n<p data-start=\"4574\" data-end=\"4610\">Izdelava modela vozi\u010dka (november)<\/p>\n<\/li>\n<li data-start=\"4611\" data-end=\"4636\">\n<p data-start=\"4613\" data-end=\"4636\">KUBO robotika (marec)<\/p>\n<\/li>\n<li data-start=\"4637\" data-end=\"4657\">\n<p data-start=\"4639\" data-end=\"4657\">Minicity (junij)<\/p>\n<\/li>\n<\/ul>\n<h3 data-start=\"4659\" data-end=\"4676\"><strong data-start=\"4663\" data-end=\"4676\">5. razred<\/strong><\/h3>\n<ul data-start=\"4677\" data-end=\"4789\">\n<li data-start=\"4677\" data-end=\"4720\">\n<p data-start=\"4679\" data-end=\"4720\">Poligon kolesarskega izpita (september)<\/p>\n<\/li>\n<li data-start=\"4721\" data-end=\"4742\">\n<p data-start=\"4723\" data-end=\"4742\">Izdelek po na\u010drtu<\/p>\n<\/li>\n<li data-start=\"4743\" data-end=\"4768\">\n<p data-start=\"4745\" data-end=\"4768\">KUBO robotika (marec)<\/p>\n<\/li>\n<li data-start=\"4769\" data-end=\"4789\">\n<p data-start=\"4771\" data-end=\"4789\">Minicity (junij)<\/p>\n<\/li>\n<\/ul>\n<hr data-start=\"4791\" data-end=\"4794\"\/>\n<h3 data-start=\"4796\" data-end=\"4816\"><strong data-start=\"4800\" data-end=\"4816\">6.\u20139. razred<\/strong><\/h3>\n<ol data-start=\"4817\" data-end=\"5459\">\n<li data-start=\"4817\" data-end=\"4971\">\n<p data-start=\"4820\" data-end=\"4971\">Spoznavanje poklicev \u2013 Akrapovi\u010d, Frankovi\u010d, Restavracija \u0160tajdohar idr., 9. r. (september 2025); Kr\u0161ko in grad Rajhenburg, 6.\u20138. r. (september 2025)<\/p>\n<\/li>\n<li data-start=\"4972\" data-end=\"5083\">\n<p data-start=\"4975\" data-end=\"5083\">ZUIP \u2013 podjetni\u0161ka delavnica, 8. in 9. r. (9. oktober 2025); Krajinski park Kolpa \u2013 delavnice, 6. in 7. r.<\/p>\n<\/li>\n<li data-start=\"5084\" data-end=\"5278\">\n<p data-start=\"5087\" data-end=\"5278\">Karierni navdih za mlade in podjetni\u0161ki inkubator, ZIK \u010crnomelj \u2013 8. in 9. r. (torek, 21. oktober 2025); Modelarstvo, Modelarski klub Mu\u0161ice Tan\u010da Gora, 6. in 7. r. (september\/oktober 2025)<\/p>\n<\/li>\n<li data-start=\"5279\" data-end=\"5394\">\n<p data-start=\"5282\" data-end=\"5394\">Pusti Gradec \u2013 ogled Klep\u010deve \u017eage in mlina ter cerkvice, delavnica (6. in 7. r., september\/oktober ali april)<\/p>\n<\/li>\n<li data-start=\"5395\" data-end=\"5459\">\n<p data-start=\"5398\" data-end=\"5459\">\u0160ola v naravi \u2013 C\u0160OD So\u010da (8. in 9. r., 13.\u201317. april 2026)<\/p>\n<\/li>\n<\/ol>\n","protected":false},"excerpt":{"rendered":"<p>VSEBINA DNI DEJAVNOSTI V \u0160OLSKEM LETU 2025\/26 KULTURNI DNEVI (Koordinatorica Nata\u0161a Podhostnik in razredni\u010darke 1.\u20135. r.) 1.\u20135. razred Celodnevni: Predstava \u00bbBi se gnetli na tej metli\u00ab, KC Semi\u010d \u2013 1. in 2. r. (3 ure) Predstava \u00bbGozd raja\u00ab, KC Semi\u010d \u2013 1. in 2. r. (2 uri) Predstava \u00bb\u017dirafe ne znajo plesati\u00ab, KC Semi\u010d \u2013 [&hellip;]<\/p>\n","protected":false},"author":1706,"featured_media":0,"parent":0,"menu_order":11,"comment_status":"closed","ping_status":"closed","template":"","meta":{"_et_pb_use_builder":"","_et_pb_old_content":"","_et_gb_content_width":"","ngg_post_thumbnail":0,"footnotes":"","_expiration-date-status":"","_expiration-date":0,"_expiration-date-type":"","_expiration-date-categories":[],"_expiration-date-options":[]},"class_list":["post-657","page","type-page","status-publish","hentry"],"_links":{"self":[{"href":"https:\/\/os-dragatus.splet.arnes.si\/index.php?rest_route=\/wp\/v2\/pages\/657","targetHints":{"allow":["GET"]}}],"collection":[{"href":"https:\/\/os-dragatus.splet.arnes.si\/index.php?rest_route=\/wp\/v2\/pages"}],"about":[{"href":"https:\/\/os-dragatus.splet.arnes.si\/index.php?rest_route=\/wp\/v2\/types\/page"}],"author":[{"embeddable":true,"href":"https:\/\/os-dragatus.splet.arnes.si\/index.php?rest_route=\/wp\/v2\/users\/1706"}],"replies":[{"embeddable":true,"href":"https:\/\/os-dragatus.splet.arnes.si\/index.php?rest_route=%2Fwp%2Fv2%2Fcomments&post=657"}],"version-history":[{"count":15,"href":"https:\/\/os-dragatus.splet.arnes.si\/index.php?rest_route=\/wp\/v2\/pages\/657\/revisions"}],"predecessor-version":[{"id":39613,"href":"https:\/\/os-dragatus.splet.arnes.si\/index.php?rest_route=\/wp\/v2\/pages\/657\/revisions\/39613"}],"wp:attachment":[{"href":"https:\/\/os-dragatus.splet.arnes.si\/index.php?rest_route=%2Fwp%2Fv2%2Fmedia&parent=657"}],"curies":[{"name":"wp","href":"https:\/\/api.w.org\/{rel}","templated":true}]}}