{"id":4,"date":"2014-02-25T12:49:46","date_gmt":"2014-02-25T11:49:46","guid":{"rendered":"http:\/\/os-dragatus.splet.arnes.si\/?page_id=4"},"modified":"2024-01-03T20:55:13","modified_gmt":"2024-01-03T19:55:13","slug":"o-soli","status":"publish","type":"page","link":"https:\/\/os-dragatus.splet.arnes.si\/?page_id=4","title":{"rendered":"\u0160ola danes"},"content":{"rendered":"<p><span style=\"color: #800000\"><strong>POSLANSTVO IN VIZIJA \u0160OLE<\/strong><\/span><\/p>\n<p><strong>Z u\u010denjem, vzgojo in delom do znanja, kulture in uspeha.<\/strong><\/p>\n<p lang=\"en-US\" align=\"justify\">Osnovni cilj \u0161ole je kakovostno delo v razredu, ki bo u\u010dencem dalo dovolj kakovostnega znanja in uspe\u0161no nadaljevanje srednje\u0161olskega izobra\u017eevanja.<\/p>\n<p lang=\"en-US\" align=\"justify\">Poleg kakovostnega znanja, ki ga u\u010denci pridobivajo tudi v t. i. raz\u0161irjenem programu (interesne dejavnosti, razni projekti, \u0161ola v naravi, dodatni in dopolnilni pouk ..) u\u010dence usmerjamo in jim pomagamo pri oblikovanju vrednot in razvoju zdrave in samozavestne osebnosti.<\/p>\n<p lang=\"en-US\" align=\"justify\">Odkrivamo u\u010den\u010deva mo\u010dna podro\u010dja, \u017eelimo zagotoviti razmere za otrokov raziskovalni duh in ga u\u010dimo odgovornosti za lastno delovanje in u\u010denje. Sku\u0161amo mu pomagati pri dolo\u010ditvi \u017eivljenjskega cilja in ga usmeriti na pot, kako ga bo uresni\u010deval.<\/p>\n<p lang=\"en-US\" align=\"justify\">Izobra\u017eevalni sistem v Sloveniji je sodoben, v veliki ve\u010dini primerljiv z evropskimi sistemi, vendar je pomembno, da ohranimo nekatere dobre plati na\u0161ega \u0161olskega sistema in s tem ohranjamo avtonomnost slovenskega \u0161olskega prostora. Delovne vneme in discipline ni mogo\u010de vsiliti od zunaj, potrebno jo je najti v otroku samem. Visoka lastna motivacija in ustvarjalni pouk ne bosta vzbujala ob\u010dutka, da je delo v \u0161oli le izpolnjevanje volje nekoga drugega, pa\u010d pa nujno potrebna priprava za u\u010denje, ki bo trajalo celo \u017eivljenje.<\/p>\n<p lang=\"en-US\" align=\"justify\">Kvalitetno izobra\u017eevanje je vsekakor tisto, ki u\u010dencem omogo\u010da, da pridobljeno znanje uporabijo v praksi in jih usposobi za samostojno u\u010denje. Za to so potrebna razli\u010dna znanja in sposobnosti vseh akterjev odgovornih za u\u010dence. Eno najpomembnej\u0161ih tak\u0161nih znanj je vsekakor u\u010denje u\u010denja. Da bi se to lahko doseglo, je potrebno otroke vrtca in u\u010dence usmerjati. Usmerjati v sodelovanje drug z drugim, jim prisko\u010diti na pomo\u010d pri pridobivanju nekaterih socialnih kompetenc, ki so potrebne za sodelovanje in timsko delo. Prav tako jim je potrebno pomagati, da znajo pridobljeno znanje uporabiti v novih okoli\u0161\u010dinah.<\/p>\n<p lang=\"en-US\" align=\"justify\">Temeljni cilji, usmeritev na\u0161e \u0161ole so: zagotavljati splo\u0161no izobrazbo, spodbujati skladen, spoznaven, \u010dustven, duhovni in socialni razvoj posameznika, spodbujati zavest o integriteti posameznika, razvijati pismenost, sposobnost za razumevanje, sporo\u010danje in izra\u017eanje, razvijati zavest o dr\u017eavni pripadnosti in narodni identiteti, spoznati zgodovino Slovenije in sveta, vzgajati za ob\u010de kulturne in civilizacijske vrednote, ki izvirajo iz evropske tradicije, oblikovati in spodbujati zdrav na\u010din \u017eivljenja, usposabljati za vse\u017eivljenjsko u\u010denje in odgovoren odnos do narave.<\/p>\n<p lang=\"en-US\" align=\"justify\">Osnovni cilj zavoda je kakovostno delo v razredu, ki bo dalo u\u010dencem dovolj znanja za uspe\u0161no nadaljevanje \u0161olanja. Ob kvalitetnem znanju, ki ga u\u010denci pridobivajo v okviru dodatnega pouka, interesnih dejavnosti, projektov, \u0161ol v naravi, obveznih izbirnih predmetov, raziskovalnih nalog, u\u010dencem pomagamo tudi pri oblikovanju vrednot in pri razvoju zdrave in samozavestne osebnosti.<\/p>\n<p><span style=\"color: #800000\"><strong>LOGOTIP \u0160OLE<\/strong><\/span><\/p>\n<h4 class=\"style7\"><img loading=\"lazy\" decoding=\"async\" class=\" size-full wp-image-87\" style=\"margin-left: auto;margin-right: auto\" src=\"http:\/\/os-dragatus.splet.arnes.si\/files\/2014\/02\/logo.JPG\" alt=\"logo\" width=\"318\" height=\"340\" srcset=\"https:\/\/os-dragatus.splet.arnes.si\/files\/2014\/02\/logo.JPG 470w, https:\/\/os-dragatus.splet.arnes.si\/files\/2014\/02\/logo-280x300.jpg 280w, https:\/\/os-dragatus.splet.arnes.si\/files\/2014\/02\/logo-51x55.jpg 51w\" sizes=\"(max-width: 318px) 100vw, 318px\" \/><\/h4>\n<p>Na\u0161 logotip je <strong>\u010debelica<\/strong> &#8211; simbolizira marljivost, pridnost, kreativnost, izvirnost in inovativnost u\u010dencev in u\u010diteljev na\u0161e \u0161ole. Ima veliko idej, je \u0161portnica, umetnica, je igriva, ima rada naravo, se rada smeji in ima zelo rada otroke. Tudi tiste najmlaj\u0161e iz na\u0161ega vrtca, zato ima pri sebi ra\u010dko. V svojih pesmih za otroke pa je \u010debelico opeval tudi na\u0161 pesnik Oton \u017dupan\u010di\u010d.<\/p>\n<p style=\"text-align: right\">Jasmina Strugar, prof. likovne umetnosti, avtorica logotipa<\/p>\n<p><strong><span style=\"color: #800000\">KADRI <\/span><\/strong><\/p>\n<p>Kadrovski pogoji na \u0161oli so dobri. Vsi strokovni &nbsp;in tehni\u010dni delavci imajo ustrezno izobrazbo in izpolnjujejo pogoje za delo, ki ga opravljajo.<\/p>\n<p class=\"style8\"><img loading=\"lazy\" decoding=\"async\" class=\"aligncenter wp-image-21717 size-full\" src=\"http:\/\/os-dragatus.splet.arnes.si\/files\/2018\/11\/kolektiv-18-19.jpg\" alt=\"\" width=\"1024\" height=\"556\" srcset=\"https:\/\/os-dragatus.splet.arnes.si\/files\/2018\/11\/kolektiv-18-19.jpg 1024w, https:\/\/os-dragatus.splet.arnes.si\/files\/2018\/11\/kolektiv-18-19-400x217.jpg 400w, https:\/\/os-dragatus.splet.arnes.si\/files\/2018\/11\/kolektiv-18-19-768x417.jpg 768w, https:\/\/os-dragatus.splet.arnes.si\/files\/2018\/11\/kolektiv-18-19-800x434.jpg 800w, https:\/\/os-dragatus.splet.arnes.si\/files\/2018\/11\/kolektiv-18-19-101x55.jpg 101w, https:\/\/os-dragatus.splet.arnes.si\/files\/2018\/11\/kolektiv-18-19-947x514.jpg 947w, https:\/\/os-dragatus.splet.arnes.si\/files\/2018\/11\/kolektiv-18-19-624x339.jpg 624w\" sizes=\"(max-width: 1024px) 100vw, 1024px\" \/><\/p>\n<p style=\"text-align: center\">Kolektiv v \u0161olskem letu 2018\/2019<\/p>\n<p><span style=\"color: #800000\"><strong>PROSTORSKI POGOJI <\/strong><\/span><\/p>\n<p>\u0160ola ima telovadnico in igri\u0161\u010de na katerem potekajo: pouk \u0160PO, razni nastopi, kulturne prireditve \u2026 Ob igri\u0161\u010du je ve\u010dnamenski nadstre\u0161ek. Igri\u0161\u010de bi bilo potrebno preplastiti, saj se na njem pojavljajo razpoke, ki so vsako leto ve\u010dje. Na novo bi bilo potrebno tudi za\u010drtati igri\u0161\u010da.<\/p>\n<p>Obstoje\u010de u\u010dilnice so ustrezne za izvajanje pouka, razen u\u010dilnice za GOS, TIT in LUM. Manjkata vsaj dve u\u010dilnici, knji\u017enica in prostor za izvajanje individualne u\u010dne pomo\u010di. Prostorska stiska se je \u0161e pove\u010dala, saj se bo zaradi dograditve prizidka, v \u0161ol. l. 2022\/2023 poru\u0161il stari del \u0161ole. S tem bomo dodatno izgubili \u0161olsko knji\u017enico, poslovne prostore in eno igralnico.&nbsp;<\/p>\n<p>Prostorsko stisko bomo re\u0161evali tako, da se bosta dva oddelka (4. in 5. r.) preselila v za\u010dasni u\u010dilnici v Kulturnem domu, en oddelek vrtca pa se bo preselil v spro\u0161\u010deno u\u010dilnico 4. razreda. Poslovne prostore bomo preselili v ra\u010dunalni\u0161ko u\u010dilnico, ki je bila preurejena v ta namen, knji\u017enico pa bomo preselili deloma na hodnik, deloma v eno od prostih u\u010dilnic.<\/p>\n<p>Dograditev prizidka naj bi bila zaklju\u010dena do konca leta 2024. S tem bomo pridobili: dve ve\u010dnamenski u\u010dilnici, u\u010dilnico za GOS, prostor za izvajanje individualne u\u010dne pomo\u010di, knji\u017enico z multimedijo, ve\u010dnamenski prostor, eno igralnico za potrebe vrtca, zbornico za vzgojiteljice, kabinet in shrambo za igra\u010de ter poslovne prostore.<\/p>\n<p>V \u0161ol. l. 2023\/2024 bo prizidek predvidoma dograjen.<\/p>\n<p>V \u010dasu gradnje bosta re\u017eim in organizacija dela prilagojena razmeram.<\/p>\n<p>&nbsp;<\/p>\n<p><strong><span style=\"color: #800000\">OPREMA IN U\u010cILA <\/span><\/strong><\/p>\n<p>Potrebno opremo, u\u010dila in u\u010dne pripomo\u010dke nabavljamo, kolikor nam to dovoljujejo denarna sredstva, ki pa \u017eal ne zadostujejo za nabavo vsega, kar bi potrebovali.<\/p>\n<p>Ve\u010dji del opreme je star, dotrajan, pripeljan na \u0161olo tudi iz drugih \u0161ol in ustanov, kjer so ga zaradi dotrajanosti (ali prenavljanja) odpisali. Najslab\u0161a je oprema v knji\u017enici in ne zagotavlja ustreznih delovnih pogojev.<\/p>\n<p>Opremo za izvajanje \u0160PO (telovadna orodja \u2026) posodabljamo postopno, ker so posamezna orodja draga. Podobna je tudi situacija z u\u010dili, zato z ustanoviteljem potekajo razgovori, kako zagotoviti sredstva za nabavo manjkajo\u010de opreme in u\u010dil.<\/p>\n<p>Uspelo nam je posodobiti IKT opremo. Imamo \u0161tiri interaktivne table, enajst LCD-projektorjev in en monitor za v u\u010dilnico. Ra\u010dunalniki v ra\u010dunalni\u0161ki u\u010dilnici so ustrezni, ravno tako tudi ra\u010dunalniki v u\u010dilnicah. Imamo tudi zadostno \u0161tevilo ra\u010dunalnikov za izposojo u\u010dencem in smo pripravljeni na izvajanje pouka na daljavo, \u010de bi bilo to potrebno.&nbsp;<\/p>\n<p>&nbsp;<\/p>\n<p><strong><span style=\"color: #800000\">FINANCIRANJE <\/span><\/strong><\/p>\n<p>Za nemoteno delovanje \u0161ola prejema sredstva Ob\u010dine \u010crnomelj in Ministrstva za \u0161olstvo in \u0161port (MIZ\u0160).<\/p>\n<p>Sredstva za investicije, vzdr\u017eevanje in materialne stro\u0161ke zagotavlja ob\u010dina, sredstva za pla\u010de delavcev in del materialnih stro\u0161kov pa zagotavlja MIZ\u0160. \u0160ola prejema \u0161e pla\u010dila malic, kosil, sredstva od najema prostorov in prispevke donatorjev.<\/p>\n<p>Za izvajanje obveznega programa ima \u0161ola zagotovljena sredstva.<\/p>\n","protected":false},"excerpt":{"rendered":"<p>POSLANSTVO IN VIZIJA \u0160OLE Z u\u010denjem, vzgojo in delom do znanja, kulture in uspeha. Osnovni cilj \u0161ole je kakovostno delo v razredu, ki bo u\u010dencem dalo dovolj kakovostnega znanja in uspe\u0161no nadaljevanje srednje\u0161olskega izobra\u017eevanja. Poleg kakovostnega znanja, ki ga u\u010denci pridobivajo tudi v t. i. raz\u0161irjenem programu (interesne dejavnosti, razni projekti, \u0161ola v naravi, dodatni [&hellip;]<\/p>\n","protected":false},"author":1706,"featured_media":0,"parent":0,"menu_order":42,"comment_status":"closed","ping_status":"open","template":"","meta":{"_et_pb_use_builder":"","_et_pb_old_content":"","_et_gb_content_width":"","ngg_post_thumbnail":0,"footnotes":"","_expiration-date-status":"","_expiration-date":0,"_expiration-date-type":"","_expiration-date-categories":[],"_expiration-date-options":[]},"class_list":["post-4","page","type-page","status-publish","hentry"],"_links":{"self":[{"href":"https:\/\/os-dragatus.splet.arnes.si\/index.php?rest_route=\/wp\/v2\/pages\/4","targetHints":{"allow":["GET"]}}],"collection":[{"href":"https:\/\/os-dragatus.splet.arnes.si\/index.php?rest_route=\/wp\/v2\/pages"}],"about":[{"href":"https:\/\/os-dragatus.splet.arnes.si\/index.php?rest_route=\/wp\/v2\/types\/page"}],"author":[{"embeddable":true,"href":"https:\/\/os-dragatus.splet.arnes.si\/index.php?rest_route=\/wp\/v2\/users\/1706"}],"replies":[{"embeddable":true,"href":"https:\/\/os-dragatus.splet.arnes.si\/index.php?rest_route=%2Fwp%2Fv2%2Fcomments&post=4"}],"version-history":[{"count":39,"href":"https:\/\/os-dragatus.splet.arnes.si\/index.php?rest_route=\/wp\/v2\/pages\/4\/revisions"}],"predecessor-version":[{"id":33324,"href":"https:\/\/os-dragatus.splet.arnes.si\/index.php?rest_route=\/wp\/v2\/pages\/4\/revisions\/33324"}],"wp:attachment":[{"href":"https:\/\/os-dragatus.splet.arnes.si\/index.php?rest_route=%2Fwp%2Fv2%2Fmedia&parent=4"}],"curies":[{"name":"wp","href":"https:\/\/api.w.org\/{rel}","templated":true}]}}